{"id":198670,"date":"2014-12-02T02:48:14","date_gmt":"2014-12-02T08:48:14","guid":{"rendered":"http:\/\/www.diarioimagen.net\/wp-content\/uploads\/2014\/12\/arco-2498.jpg"},"modified":"2014-12-02T02:48:23","modified_gmt":"2014-12-02T08:48:23","slug":"arco-2498","status":"inherit","type":"attachment","link":"https:\/\/www.diarioimagen.net\/?attachment_id=198670","title":{"rendered":"arco-2498"},"author":1,"featured_media":0,"comment_status":"open","ping_status":"open","template":"","meta":{"_monsterinsights_skip_tracking":false,"_monsterinsights_sitenote_active":false,"_monsterinsights_sitenote_note":"","_monsterinsights_sitenote_category":0},"class_list":["post-198670","attachment","type-attachment","status-inherit","hentry"],"description":{"rendered":"<p class=\"attachment\"><a href='https:\/\/www.diarioimagen.net\/wp-content\/uploads\/2014\/12\/arco-2498.jpg'><img loading=\"lazy\" decoding=\"async\" width=\"240\" height=\"149\" src=\"https:\/\/www.diarioimagen.net\/wp-content\/uploads\/2014\/12\/arco-2498-240x149.jpg\" class=\"attachment-medium size-medium\" alt=\"\" srcset=\"https:\/\/www.diarioimagen.net\/wp-content\/uploads\/2014\/12\/arco-2498-240x149.jpg 240w, https:\/\/www.diarioimagen.net\/wp-content\/uploads\/2014\/12\/arco-2498-420x261.jpg 420w, https:\/\/www.diarioimagen.net\/wp-content\/uploads\/2014\/12\/arco-2498.jpg 1200w\" sizes=\"auto, (max-width: 240px) 100vw, 240px\" \/><\/a><\/p>\n"},"caption":{"rendered":"<p>El gobernador Eruviel \u00c1vila Villegas expres\u00f3 su felicitaci\u00f3n al presidente Enrique Pe\u00f1a Nieto por cumplir dos a\u00f1os al frente del Ejecutivo federal, tiempo en el cual se han puesto en marcha reformas transformadoras que tendr\u00e1n un efecto positivo para M\u00e9xico en diversos rubros, por lo que reiter\u00f3 su llamado a cerrar filas en torno a las acciones emprendidas por el Gobierno de la Rep\u00fablica, ya que es importante encontrar alternativas de soluci\u00f3n para tener un pa\u00eds en paz, pr\u00f3spero y que siga creciendo, durante el Segundo Informe de Labores de la alcaldesa de Toluca, Martha Hilda Gonz\u00e1lez Calder\u00f3n.<\/p>\n"},"alt_text":"","media_type":"image","mime_type":"image\/jpeg","media_details":{"width":1200,"height":748,"file":"2014\/12\/arco-2498.jpg","sizes":{"thumbnail":{"file":"arco-2498-150x150.jpg","width":150,"height":150,"mime_type":"image\/jpeg","source_url":"https:\/\/www.diarioimagen.net\/wp-content\/uploads\/2014\/12\/arco-2498-150x150.jpg"},"medium":{"file":"arco-2498-240x149.jpg","width":240,"height":149,"mime_type":"image\/jpeg","source_url":"https:\/\/www.diarioimagen.net\/wp-content\/uploads\/2014\/12\/arco-2498-240x149.jpg"},"large":{"file":"arco-2498-420x261.jpg","width":420,"height":261,"mime_type":"image\/jpeg","source_url":"https:\/\/www.diarioimagen.net\/wp-content\/uploads\/2014\/12\/arco-2498-420x261.jpg"},"post-thumbnail":{"file":"arco-2498-50x50.jpg","width":50,"height":50,"mime_type":"image\/jpeg","source_url":"https:\/\/www.diarioimagen.net\/wp-content\/uploads\/2014\/12\/arco-2498-50x50.jpg"},"blgn-featured":{"file":"arco-2498-480x270.jpg","width":480,"height":270,"mime_type":"image\/jpeg","source_url":"https:\/\/www.diarioimagen.net\/wp-content\/uploads\/2014\/12\/arco-2498-480x270.jpg"},"blgn-below_featured":{"file":"arco-2498-235x132.jpg","width":235,"height":132,"mime_type":"image\/jpeg","source_url":"https:\/\/www.diarioimagen.net\/wp-content\/uploads\/2014\/12\/arco-2498-235x132.jpg"},"blgn-mediabar":{"file":"arco-2498-202x114.jpg","width":202,"height":114,"mime_type":"image\/jpeg","source_url":"https:\/\/www.diarioimagen.net\/wp-content\/uploads\/2014\/12\/arco-2498-202x114.jpg"},"blgn-secondary_left":{"file":"arco-2498-75x75.jpg","width":75,"height":75,"mime_type":"image\/jpeg","source_url":"https:\/\/www.diarioimagen.net\/wp-content\/uploads\/2014\/12\/arco-2498-75x75.jpg"},"blgn-secondary_right":{"file":"arco-2498-75x75.jpg","width":75,"height":75,"mime_type":"image\/jpeg","source_url":"https:\/\/www.diarioimagen.net\/wp-content\/uploads\/2014\/12\/arco-2498-75x75.jpg"},"blgn-secondary_mid_big":{"file":"arco-2498-350x196.jpg","width":350,"height":196,"mime_type":"image\/jpeg","source_url":"https:\/\/www.diarioimagen.net\/wp-content\/uploads\/2014\/12\/arco-2498-350x196.jpg"},"blgn-secondary_mid_small":{"file":"arco-2498-70x70.jpg","width":70,"height":70,"mime_type":"image\/jpeg","source_url":"https:\/\/www.diarioimagen.net\/wp-content\/uploads\/2014\/12\/arco-2498-70x70.jpg"},"blgn-subnews":{"file":"arco-2498-220x123.jpg","width":220,"height":123,"mime_type":"image\/jpeg","source_url":"https:\/\/www.diarioimagen.net\/wp-content\/uploads\/2014\/12\/arco-2498-220x123.jpg"},"blgn-excerpt_thumb":{"file":"arco-2498-90x65.jpg","width":90,"height":65,"mime_type":"image\/jpeg","source_url":"https:\/\/www.diarioimagen.net\/wp-content\/uploads\/2014\/12\/arco-2498-90x65.jpg"},"blgn-media_gallery":{"file":"arco-2498-237x132.jpg","width":237,"height":132,"mime_type":"image\/jpeg","source_url":"https:\/\/www.diarioimagen.net\/wp-content\/uploads\/2014\/12\/arco-2498-237x132.jpg"},"full":{"file":"arco-2498.jpg","width":1200,"height":748,"mime_type":"image\/jpeg","source_url":"https:\/\/www.diarioimagen.net\/wp-content\/uploads\/2014\/12\/arco-2498.jpg"}},"image_meta":{"aperture":0,"credit":"","camera":"","caption":"","created_timestamp":0,"copyright":"","focal_length":0,"iso":0,"shutter_speed":0,"title":"","orientation":0}},"post":198597,"source_url":"https:\/\/www.diarioimagen.net\/wp-content\/uploads\/2014\/12\/arco-2498.jpg","_links":{"self":[{"href":"https:\/\/www.diarioimagen.net\/index.php?rest_route=\/wp\/v2\/media\/198670","targetHints":{"allow":["GET"]}}],"collection":[{"href":"https:\/\/www.diarioimagen.net\/index.php?rest_route=\/wp\/v2\/media"}],"about":[{"href":"https:\/\/www.diarioimagen.net\/index.php?rest_route=\/wp\/v2\/types\/attachment"}],"author":[{"embeddable":true,"href":"https:\/\/www.diarioimagen.net\/index.php?rest_route=\/wp\/v2\/users\/1"}],"replies":[{"embeddable":true,"href":"https:\/\/www.diarioimagen.net\/index.php?rest_route=%2Fwp%2Fv2%2Fcomments&post=198670"}]}}