{"id":210322,"date":"2015-03-17T04:13:43","date_gmt":"2015-03-17T10:13:43","guid":{"rendered":"http:\/\/www.diarioimagen.net\/wp-content\/uploads\/2015\/03\/UAEM-2571.jpg"},"modified":"2015-03-17T04:13:50","modified_gmt":"2015-03-17T10:13:50","slug":"uaem-2571","status":"inherit","type":"attachment","link":"https:\/\/www.diarioimagen.net\/?attachment_id=210322","title":{"rendered":"UAEM-2571"},"author":1,"featured_media":0,"comment_status":"open","ping_status":"open","template":"","meta":{"_monsterinsights_skip_tracking":false,"_monsterinsights_sitenote_active":false,"_monsterinsights_sitenote_note":"","_monsterinsights_sitenote_category":0},"class_list":["post-210322","attachment","type-attachment","status-inherit","hentry"],"description":{"rendered":"<p class=\"attachment\"><a href='https:\/\/www.diarioimagen.net\/wp-content\/uploads\/2015\/03\/UAEM-2571.jpg'><img loading=\"lazy\" decoding=\"async\" width=\"240\" height=\"135\" src=\"https:\/\/www.diarioimagen.net\/wp-content\/uploads\/2015\/03\/UAEM-2571-240x135.jpg\" class=\"attachment-medium size-medium\" alt=\"\" srcset=\"https:\/\/www.diarioimagen.net\/wp-content\/uploads\/2015\/03\/UAEM-2571-240x135.jpg 240w, https:\/\/www.diarioimagen.net\/wp-content\/uploads\/2015\/03\/UAEM-2571-420x236.jpg 420w, https:\/\/www.diarioimagen.net\/wp-content\/uploads\/2015\/03\/UAEM-2571.jpg 480w, https:\/\/www.diarioimagen.net\/wp-content\/uploads\/2015\/03\/UAEM-2571-235x132.jpg 235w, https:\/\/www.diarioimagen.net\/wp-content\/uploads\/2015\/03\/UAEM-2571-202x114.jpg 202w, https:\/\/www.diarioimagen.net\/wp-content\/uploads\/2015\/03\/UAEM-2571-350x196.jpg 350w, https:\/\/www.diarioimagen.net\/wp-content\/uploads\/2015\/03\/UAEM-2571-220x123.jpg 220w, https:\/\/www.diarioimagen.net\/wp-content\/uploads\/2015\/03\/UAEM-2571-237x132.jpg 237w\" sizes=\"auto, (max-width: 240px) 100vw, 240px\" \/><\/a><\/p>\n"},"caption":{"rendered":"<p>El rector Jorge Olvera Garc\u00eda se\u00f1al\u00f3 que la Universidad Aut\u00f3noma del Estado de M\u00e9xico es una de las cinco instituciones de educaci\u00f3n superior del pa\u00eds con el mayor n\u00famero de publicaciones adscritas al \u00cdndice de Revistas Mexicanas de Investigaci\u00f3n Cient\u00edfica y Tecnol\u00f3gica, mediante el cual el Consejo Nacional de Ciencia y Tecnolog\u00eda (Conacyt) reconoce la calidad y excelencia editorial de esta casa de estudios.<\/p>\n"},"alt_text":"","media_type":"image","mime_type":"image\/jpeg","media_details":{"width":480,"height":270,"file":"2015\/03\/UAEM-2571.jpg","sizes":{"thumbnail":{"file":"UAEM-2571-150x150.jpg","width":150,"height":150,"mime_type":"image\/jpeg","source_url":"https:\/\/www.diarioimagen.net\/wp-content\/uploads\/2015\/03\/UAEM-2571-150x150.jpg"},"medium":{"file":"UAEM-2571-240x135.jpg","width":240,"height":135,"mime_type":"image\/jpeg","source_url":"https:\/\/www.diarioimagen.net\/wp-content\/uploads\/2015\/03\/UAEM-2571-240x135.jpg"},"large":{"file":"UAEM-2571-420x236.jpg","width":420,"height":236,"mime_type":"image\/jpeg","source_url":"https:\/\/www.diarioimagen.net\/wp-content\/uploads\/2015\/03\/UAEM-2571-420x236.jpg"},"post-thumbnail":{"file":"UAEM-2571-50x50.jpg","width":50,"height":50,"mime_type":"image\/jpeg","source_url":"https:\/\/www.diarioimagen.net\/wp-content\/uploads\/2015\/03\/UAEM-2571-50x50.jpg"},"blgn-featured":{"file":"UAEM-2571-480x270.jpg","width":480,"height":270,"mime_type":"image\/jpeg","source_url":"https:\/\/www.diarioimagen.net\/wp-content\/uploads\/2015\/03\/UAEM-2571-480x270.jpg"},"blgn-below_featured":{"file":"UAEM-2571-235x132.jpg","width":235,"height":132,"mime_type":"image\/jpeg","source_url":"https:\/\/www.diarioimagen.net\/wp-content\/uploads\/2015\/03\/UAEM-2571-235x132.jpg"},"blgn-mediabar":{"file":"UAEM-2571-202x114.jpg","width":202,"height":114,"mime_type":"image\/jpeg","source_url":"https:\/\/www.diarioimagen.net\/wp-content\/uploads\/2015\/03\/UAEM-2571-202x114.jpg"},"blgn-secondary_left":{"file":"UAEM-2571-75x75.jpg","width":75,"height":75,"mime_type":"image\/jpeg","source_url":"https:\/\/www.diarioimagen.net\/wp-content\/uploads\/2015\/03\/UAEM-2571-75x75.jpg"},"blgn-secondary_right":{"file":"UAEM-2571-75x75.jpg","width":75,"height":75,"mime_type":"image\/jpeg","source_url":"https:\/\/www.diarioimagen.net\/wp-content\/uploads\/2015\/03\/UAEM-2571-75x75.jpg"},"blgn-secondary_mid_big":{"file":"UAEM-2571-350x196.jpg","width":350,"height":196,"mime_type":"image\/jpeg","source_url":"https:\/\/www.diarioimagen.net\/wp-content\/uploads\/2015\/03\/UAEM-2571-350x196.jpg"},"blgn-secondary_mid_small":{"file":"UAEM-2571-70x70.jpg","width":70,"height":70,"mime_type":"image\/jpeg","source_url":"https:\/\/www.diarioimagen.net\/wp-content\/uploads\/2015\/03\/UAEM-2571-70x70.jpg"},"blgn-subnews":{"file":"UAEM-2571-220x123.jpg","width":220,"height":123,"mime_type":"image\/jpeg","source_url":"https:\/\/www.diarioimagen.net\/wp-content\/uploads\/2015\/03\/UAEM-2571-220x123.jpg"},"blgn-excerpt_thumb":{"file":"UAEM-2571-90x65.jpg","width":90,"height":65,"mime_type":"image\/jpeg","source_url":"https:\/\/www.diarioimagen.net\/wp-content\/uploads\/2015\/03\/UAEM-2571-90x65.jpg"},"blgn-media_gallery":{"file":"UAEM-2571-237x132.jpg","width":237,"height":132,"mime_type":"image\/jpeg","source_url":"https:\/\/www.diarioimagen.net\/wp-content\/uploads\/2015\/03\/UAEM-2571-237x132.jpg"},"full":{"file":"UAEM-2571.jpg","width":480,"height":270,"mime_type":"image\/jpeg","source_url":"https:\/\/www.diarioimagen.net\/wp-content\/uploads\/2015\/03\/UAEM-2571.jpg"}},"image_meta":{"aperture":0,"credit":"","camera":"","caption":"","created_timestamp":0,"copyright":"","focal_length":0,"iso":0,"shutter_speed":0,"title":"","orientation":0}},"post":210265,"source_url":"https:\/\/www.diarioimagen.net\/wp-content\/uploads\/2015\/03\/UAEM-2571.jpg","_links":{"self":[{"href":"https:\/\/www.diarioimagen.net\/index.php?rest_route=\/wp\/v2\/media\/210322","targetHints":{"allow":["GET"]}}],"collection":[{"href":"https:\/\/www.diarioimagen.net\/index.php?rest_route=\/wp\/v2\/media"}],"about":[{"href":"https:\/\/www.diarioimagen.net\/index.php?rest_route=\/wp\/v2\/types\/attachment"}],"author":[{"embeddable":true,"href":"https:\/\/www.diarioimagen.net\/index.php?rest_route=\/wp\/v2\/users\/1"}],"replies":[{"embeddable":true,"href":"https:\/\/www.diarioimagen.net\/index.php?rest_route=%2Fwp%2Fv2%2Fcomments&post=210322"}]}}