{"id":224620,"date":"2015-07-07T03:18:44","date_gmt":"2015-07-07T08:18:44","guid":{"rendered":"http:\/\/www.diarioimagen.net\/wp-content\/uploads\/2015\/07\/eruviel-1076.jpg"},"modified":"2015-07-07T03:18:52","modified_gmt":"2015-07-07T08:18:52","slug":"eruviel-1076","status":"inherit","type":"attachment","link":"https:\/\/www.diarioimagen.net\/?attachment_id=224620","title":{"rendered":"eruviel-1076"},"author":1,"featured_media":0,"comment_status":"open","ping_status":"open","template":"","meta":{"_monsterinsights_skip_tracking":false,"_monsterinsights_sitenote_active":false,"_monsterinsights_sitenote_note":"","_monsterinsights_sitenote_category":0},"class_list":["post-224620","attachment","type-attachment","status-inherit","hentry"],"description":{"rendered":"<p class=\"attachment\"><a href='https:\/\/www.diarioimagen.net\/wp-content\/uploads\/2015\/07\/eruviel-1076.jpg'><img loading=\"lazy\" decoding=\"async\" width=\"240\" height=\"135\" src=\"https:\/\/www.diarioimagen.net\/wp-content\/uploads\/2015\/07\/eruviel-1076-240x135.jpg\" class=\"attachment-medium size-medium\" alt=\"\" srcset=\"https:\/\/www.diarioimagen.net\/wp-content\/uploads\/2015\/07\/eruviel-1076-240x135.jpg 240w, https:\/\/www.diarioimagen.net\/wp-content\/uploads\/2015\/07\/eruviel-1076-420x236.jpg 420w, https:\/\/www.diarioimagen.net\/wp-content\/uploads\/2015\/07\/eruviel-1076-235x132.jpg 235w, https:\/\/www.diarioimagen.net\/wp-content\/uploads\/2015\/07\/eruviel-1076-202x114.jpg 202w, https:\/\/www.diarioimagen.net\/wp-content\/uploads\/2015\/07\/eruviel-1076-350x196.jpg 350w, https:\/\/www.diarioimagen.net\/wp-content\/uploads\/2015\/07\/eruviel-1076-220x123.jpg 220w, https:\/\/www.diarioimagen.net\/wp-content\/uploads\/2015\/07\/eruviel-1076-237x132.jpg 237w, https:\/\/www.diarioimagen.net\/wp-content\/uploads\/2015\/07\/eruviel-1076.jpg 480w\" sizes=\"auto, (max-width: 240px) 100vw, 240px\" \/><\/a><\/p>\n"},"caption":{"rendered":"<p>En el marco de Acciones por la Educaci\u00f3n, donde entreg\u00f3 laptops a estudiantes de excelencia acad\u00e9mica de 18 municipios del Valle de M\u00e9xico, el gobernador Eruviel \u00c1vila dijo que en el seno de la Comisi\u00f3n Ambiental de la Megal\u00f3polis, est\u00e1n por redefinir los procesos de verificaci\u00f3n vehicular, mismos que van a sufrir algunas modificaciones y ajustes.<\/p>\n"},"alt_text":"","media_type":"image","mime_type":"image\/jpeg","media_details":{"width":480,"height":270,"file":"2015\/07\/eruviel-1076.jpg","sizes":{"thumbnail":{"file":"eruviel-1076-150x150.jpg","width":150,"height":150,"mime_type":"image\/jpeg","source_url":"https:\/\/www.diarioimagen.net\/wp-content\/uploads\/2015\/07\/eruviel-1076-150x150.jpg"},"medium":{"file":"eruviel-1076-240x135.jpg","width":240,"height":135,"mime_type":"image\/jpeg","source_url":"https:\/\/www.diarioimagen.net\/wp-content\/uploads\/2015\/07\/eruviel-1076-240x135.jpg"},"large":{"file":"eruviel-1076-420x236.jpg","width":420,"height":236,"mime_type":"image\/jpeg","source_url":"https:\/\/www.diarioimagen.net\/wp-content\/uploads\/2015\/07\/eruviel-1076-420x236.jpg"},"post-thumbnail":{"file":"eruviel-1076-50x50.jpg","width":50,"height":50,"mime_type":"image\/jpeg","source_url":"https:\/\/www.diarioimagen.net\/wp-content\/uploads\/2015\/07\/eruviel-1076-50x50.jpg"},"blgn-below_featured":{"file":"eruviel-1076-235x132.jpg","width":235,"height":132,"mime_type":"image\/jpeg","source_url":"https:\/\/www.diarioimagen.net\/wp-content\/uploads\/2015\/07\/eruviel-1076-235x132.jpg"},"blgn-mediabar":{"file":"eruviel-1076-202x114.jpg","width":202,"height":114,"mime_type":"image\/jpeg","source_url":"https:\/\/www.diarioimagen.net\/wp-content\/uploads\/2015\/07\/eruviel-1076-202x114.jpg"},"blgn-secondary_left":{"file":"eruviel-1076-75x75.jpg","width":75,"height":75,"mime_type":"image\/jpeg","source_url":"https:\/\/www.diarioimagen.net\/wp-content\/uploads\/2015\/07\/eruviel-1076-75x75.jpg"},"blgn-secondary_right":{"file":"eruviel-1076-75x75.jpg","width":75,"height":75,"mime_type":"image\/jpeg","source_url":"https:\/\/www.diarioimagen.net\/wp-content\/uploads\/2015\/07\/eruviel-1076-75x75.jpg"},"blgn-secondary_mid_big":{"file":"eruviel-1076-350x196.jpg","width":350,"height":196,"mime_type":"image\/jpeg","source_url":"https:\/\/www.diarioimagen.net\/wp-content\/uploads\/2015\/07\/eruviel-1076-350x196.jpg"},"blgn-secondary_mid_small":{"file":"eruviel-1076-70x70.jpg","width":70,"height":70,"mime_type":"image\/jpeg","source_url":"https:\/\/www.diarioimagen.net\/wp-content\/uploads\/2015\/07\/eruviel-1076-70x70.jpg"},"blgn-subnews":{"file":"eruviel-1076-220x123.jpg","width":220,"height":123,"mime_type":"image\/jpeg","source_url":"https:\/\/www.diarioimagen.net\/wp-content\/uploads\/2015\/07\/eruviel-1076-220x123.jpg"},"blgn-excerpt_thumb":{"file":"eruviel-1076-90x65.jpg","width":90,"height":65,"mime_type":"image\/jpeg","source_url":"https:\/\/www.diarioimagen.net\/wp-content\/uploads\/2015\/07\/eruviel-1076-90x65.jpg"},"blgn-media_gallery":{"file":"eruviel-1076-237x132.jpg","width":237,"height":132,"mime_type":"image\/jpeg","source_url":"https:\/\/www.diarioimagen.net\/wp-content\/uploads\/2015\/07\/eruviel-1076-237x132.jpg"},"full":{"file":"eruviel-1076.jpg","width":480,"height":270,"mime_type":"image\/jpeg","source_url":"https:\/\/www.diarioimagen.net\/wp-content\/uploads\/2015\/07\/eruviel-1076.jpg"}},"image_meta":{"aperture":0,"credit":"","camera":"","caption":"","created_timestamp":0,"copyright":"","focal_length":0,"iso":0,"shutter_speed":0,"title":"","orientation":0}},"post":224525,"source_url":"https:\/\/www.diarioimagen.net\/wp-content\/uploads\/2015\/07\/eruviel-1076.jpg","_links":{"self":[{"href":"https:\/\/www.diarioimagen.net\/index.php?rest_route=\/wp\/v2\/media\/224620","targetHints":{"allow":["GET"]}}],"collection":[{"href":"https:\/\/www.diarioimagen.net\/index.php?rest_route=\/wp\/v2\/media"}],"about":[{"href":"https:\/\/www.diarioimagen.net\/index.php?rest_route=\/wp\/v2\/types\/attachment"}],"author":[{"embeddable":true,"href":"https:\/\/www.diarioimagen.net\/index.php?rest_route=\/wp\/v2\/users\/1"}],"replies":[{"embeddable":true,"href":"https:\/\/www.diarioimagen.net\/index.php?rest_route=%2Fwp%2Fv2%2Fcomments&post=224620"}]}}