{"id":232761,"date":"2015-09-01T19:14:53","date_gmt":"2015-09-02T00:14:53","guid":{"rendered":"http:\/\/www.diarioimagen.net\/wp-content\/uploads\/2015\/09\/GUATEMALA2.jpg"},"modified":"2015-09-01T19:16:57","modified_gmt":"2015-09-02T00:16:57","slug":"guatemala-venezuela-chavez-perez","status":"inherit","type":"attachment","link":"https:\/\/www.diarioimagen.net\/?attachment_id=232761","title":{"rendered":"GUATEMALA-VENEZUELA-CHAVEZ-PEREZ"},"author":5,"featured_media":0,"comment_status":"open","ping_status":"closed","template":"","meta":{"_monsterinsights_skip_tracking":false,"_monsterinsights_sitenote_active":false,"_monsterinsights_sitenote_note":"","_monsterinsights_sitenote_category":0},"class_list":["post-232761","attachment","type-attachment","status-inherit","hentry"],"description":{"rendered":"<p class=\"attachment\"><a href='https:\/\/www.diarioimagen.net\/wp-content\/uploads\/2015\/09\/GUATEMALA2.jpg'><img loading=\"lazy\" decoding=\"async\" width=\"240\" height=\"160\" src=\"https:\/\/www.diarioimagen.net\/wp-content\/uploads\/2015\/09\/GUATEMALA2-240x160.jpg\" class=\"attachment-medium size-medium\" alt=\"\" srcset=\"https:\/\/www.diarioimagen.net\/wp-content\/uploads\/2015\/09\/GUATEMALA2-240x160.jpg 240w, https:\/\/www.diarioimagen.net\/wp-content\/uploads\/2015\/09\/GUATEMALA2-420x280.jpg 420w, https:\/\/www.diarioimagen.net\/wp-content\/uploads\/2015\/09\/GUATEMALA2.jpg 1500w\" sizes=\"auto, (max-width: 240px) 100vw, 240px\" \/><\/a><\/p>\n"},"caption":{"rendered":"<p>En una votaci\u00f3n hist\u00f3rica, el Congreso de Guatemala aprob\u00f3 retirar inmunidad al presidente Otto P\u00e9rez Molina.<\/p>\n"},"alt_text":"","media_type":"image","mime_type":"image\/jpeg","media_details":{"width":1500,"height":1000,"file":"2015\/09\/GUATEMALA2.jpg","sizes":{"thumbnail":{"file":"GUATEMALA2-150x150.jpg","width":150,"height":150,"mime_type":"image\/jpeg","source_url":"https:\/\/www.diarioimagen.net\/wp-content\/uploads\/2015\/09\/GUATEMALA2-150x150.jpg"},"medium":{"file":"GUATEMALA2-240x160.jpg","width":240,"height":160,"mime_type":"image\/jpeg","source_url":"https:\/\/www.diarioimagen.net\/wp-content\/uploads\/2015\/09\/GUATEMALA2-240x160.jpg"},"large":{"file":"GUATEMALA2-420x280.jpg","width":420,"height":280,"mime_type":"image\/jpeg","source_url":"https:\/\/www.diarioimagen.net\/wp-content\/uploads\/2015\/09\/GUATEMALA2-420x280.jpg"},"post-thumbnail":{"file":"GUATEMALA2-50x50.jpg","width":50,"height":50,"mime_type":"image\/jpeg","source_url":"https:\/\/www.diarioimagen.net\/wp-content\/uploads\/2015\/09\/GUATEMALA2-50x50.jpg"},"blgn-featured":{"file":"GUATEMALA2-480x270.jpg","width":480,"height":270,"mime_type":"image\/jpeg","source_url":"https:\/\/www.diarioimagen.net\/wp-content\/uploads\/2015\/09\/GUATEMALA2-480x270.jpg"},"blgn-below_featured":{"file":"GUATEMALA2-235x132.jpg","width":235,"height":132,"mime_type":"image\/jpeg","source_url":"https:\/\/www.diarioimagen.net\/wp-content\/uploads\/2015\/09\/GUATEMALA2-235x132.jpg"},"blgn-mediabar":{"file":"GUATEMALA2-202x114.jpg","width":202,"height":114,"mime_type":"image\/jpeg","source_url":"https:\/\/www.diarioimagen.net\/wp-content\/uploads\/2015\/09\/GUATEMALA2-202x114.jpg"},"blgn-secondary_left":{"file":"GUATEMALA2-75x75.jpg","width":75,"height":75,"mime_type":"image\/jpeg","source_url":"https:\/\/www.diarioimagen.net\/wp-content\/uploads\/2015\/09\/GUATEMALA2-75x75.jpg"},"blgn-secondary_right":{"file":"GUATEMALA2-75x75.jpg","width":75,"height":75,"mime_type":"image\/jpeg","source_url":"https:\/\/www.diarioimagen.net\/wp-content\/uploads\/2015\/09\/GUATEMALA2-75x75.jpg"},"blgn-secondary_mid_big":{"file":"GUATEMALA2-350x196.jpg","width":350,"height":196,"mime_type":"image\/jpeg","source_url":"https:\/\/www.diarioimagen.net\/wp-content\/uploads\/2015\/09\/GUATEMALA2-350x196.jpg"},"blgn-secondary_mid_small":{"file":"GUATEMALA2-70x70.jpg","width":70,"height":70,"mime_type":"image\/jpeg","source_url":"https:\/\/www.diarioimagen.net\/wp-content\/uploads\/2015\/09\/GUATEMALA2-70x70.jpg"},"blgn-subnews":{"file":"GUATEMALA2-220x123.jpg","width":220,"height":123,"mime_type":"image\/jpeg","source_url":"https:\/\/www.diarioimagen.net\/wp-content\/uploads\/2015\/09\/GUATEMALA2-220x123.jpg"},"blgn-excerpt_thumb":{"file":"GUATEMALA2-90x65.jpg","width":90,"height":65,"mime_type":"image\/jpeg","source_url":"https:\/\/www.diarioimagen.net\/wp-content\/uploads\/2015\/09\/GUATEMALA2-90x65.jpg"},"blgn-media_gallery":{"file":"GUATEMALA2-237x132.jpg","width":237,"height":132,"mime_type":"image\/jpeg","source_url":"https:\/\/www.diarioimagen.net\/wp-content\/uploads\/2015\/09\/GUATEMALA2-237x132.jpg"},"full":{"file":"GUATEMALA2.jpg","width":1500,"height":1000,"mime_type":"image\/jpeg","source_url":"https:\/\/www.diarioimagen.net\/wp-content\/uploads\/2015\/09\/GUATEMALA2.jpg"}},"image_meta":{"aperture":0,"credit":"AFP","camera":"","caption":"This handout picture released by the press office of Guatemala's Presidency shows Guatemalan President Otto Perez Molina delivering a speech at the Presidential residence in Guatemala City, March 5, 2013, offering  condolences following the death of Venezuelan President Hugo Chavez. Chavez lost his battle with cancer, silencing the leading voice of the Latin American left and plunging his divided oil-rich nation into an uncertain future. AFP PHOTO\/PRESIDENCIA","created_timestamp":1362507601,"copyright":"AFP ImageForum","focal_length":0,"iso":0,"shutter_speed":0,"title":"GUATEMALA-VENEZUELA-CHAVEZ-PEREZ","orientation":0}},"post":232760,"source_url":"https:\/\/www.diarioimagen.net\/wp-content\/uploads\/2015\/09\/GUATEMALA2.jpg","_links":{"self":[{"href":"https:\/\/www.diarioimagen.net\/index.php?rest_route=\/wp\/v2\/media\/232761","targetHints":{"allow":["GET"]}}],"collection":[{"href":"https:\/\/www.diarioimagen.net\/index.php?rest_route=\/wp\/v2\/media"}],"about":[{"href":"https:\/\/www.diarioimagen.net\/index.php?rest_route=\/wp\/v2\/types\/attachment"}],"author":[{"embeddable":true,"href":"https:\/\/www.diarioimagen.net\/index.php?rest_route=\/wp\/v2\/users\/5"}],"replies":[{"embeddable":true,"href":"https:\/\/www.diarioimagen.net\/index.php?rest_route=%2Fwp%2Fv2%2Fcomments&post=232761"}]}}