{"id":321907,"date":"2017-04-18T06:23:53","date_gmt":"2017-04-18T11:23:53","guid":{"rendered":"http:\/\/www.diarioimagen.net\/wp-content\/uploads\/2017\/04\/toma-de-protesta-6-3101.jpg"},"modified":"2017-04-18T06:24:01","modified_gmt":"2017-04-18T11:24:01","slug":"toma-de-protesta-6-3101","status":"inherit","type":"attachment","link":"https:\/\/www.diarioimagen.net\/?attachment_id=321907","title":{"rendered":"toma-de-protesta-6-3101"},"author":1,"featured_media":0,"comment_status":"open","ping_status":"closed","template":"","meta":{"_monsterinsights_skip_tracking":false,"_monsterinsights_sitenote_active":false,"_monsterinsights_sitenote_note":"","_monsterinsights_sitenote_category":0},"class_list":["post-321907","attachment","type-attachment","status-inherit","hentry"],"description":{"rendered":"<p class=\"attachment\"><a href='https:\/\/www.diarioimagen.net\/wp-content\/uploads\/2017\/04\/toma-de-protesta-6-3101.jpg'><img loading=\"lazy\" decoding=\"async\" width=\"240\" height=\"219\" src=\"https:\/\/www.diarioimagen.net\/wp-content\/uploads\/2017\/04\/toma-de-protesta-6-3101-240x219.jpg\" class=\"attachment-medium size-medium\" alt=\"\" srcset=\"https:\/\/www.diarioimagen.net\/wp-content\/uploads\/2017\/04\/toma-de-protesta-6-3101-240x219.jpg 240w, https:\/\/www.diarioimagen.net\/wp-content\/uploads\/2017\/04\/toma-de-protesta-6-3101-460x421.jpg 460w, https:\/\/www.diarioimagen.net\/wp-content\/uploads\/2017\/04\/toma-de-protesta-6-3101.jpg 700w\" sizes=\"auto, (max-width: 240px) 100vw, 240px\" \/><\/a><\/p>\n"},"caption":{"rendered":"<p>El jefe de Gobierno, Miguel \u00c1ngel Mancera Espinosa, reconoci\u00f3 a quienes han encabezado el TSJCDMX, y expres\u00f3 al nuevo representante del Poder Judicial de la ciudad la seguridad de que en su labor ser\u00e1 acompa\u00f1ado desde su administraci\u00f3n en los retos importantes que se vislumbran, como la implementaci\u00f3n del sistema de justicia laboral.<\/p>\n"},"alt_text":"","media_type":"image","mime_type":"image\/jpeg","media_details":{"width":700,"height":640,"file":"2017\/04\/toma-de-protesta-6-3101.jpg","sizes":{"thumbnail":{"file":"toma-de-protesta-6-3101-150x150.jpg","width":150,"height":150,"mime_type":"image\/jpeg","source_url":"https:\/\/www.diarioimagen.net\/wp-content\/uploads\/2017\/04\/toma-de-protesta-6-3101-150x150.jpg"},"medium":{"file":"toma-de-protesta-6-3101-240x219.jpg","width":240,"height":219,"mime_type":"image\/jpeg","source_url":"https:\/\/www.diarioimagen.net\/wp-content\/uploads\/2017\/04\/toma-de-protesta-6-3101-240x219.jpg"},"large":{"file":"toma-de-protesta-6-3101-460x421.jpg","width":460,"height":421,"mime_type":"image\/jpeg","source_url":"https:\/\/www.diarioimagen.net\/wp-content\/uploads\/2017\/04\/toma-de-protesta-6-3101-460x421.jpg"},"post-thumbnail":{"file":"toma-de-protesta-6-3101-50x50.jpg","width":50,"height":50,"mime_type":"image\/jpeg","source_url":"https:\/\/www.diarioimagen.net\/wp-content\/uploads\/2017\/04\/toma-de-protesta-6-3101-50x50.jpg"},"blgn-featured":{"file":"toma-de-protesta-6-3101-480x270.jpg","width":480,"height":270,"mime_type":"image\/jpeg","source_url":"https:\/\/www.diarioimagen.net\/wp-content\/uploads\/2017\/04\/toma-de-protesta-6-3101-480x270.jpg"},"blgn-below_featured":{"file":"toma-de-protesta-6-3101-235x132.jpg","width":235,"height":132,"mime_type":"image\/jpeg","source_url":"https:\/\/www.diarioimagen.net\/wp-content\/uploads\/2017\/04\/toma-de-protesta-6-3101-235x132.jpg"},"blgn-mediabar":{"file":"toma-de-protesta-6-3101-202x114.jpg","width":202,"height":114,"mime_type":"image\/jpeg","source_url":"https:\/\/www.diarioimagen.net\/wp-content\/uploads\/2017\/04\/toma-de-protesta-6-3101-202x114.jpg"},"blgn-secondary_left":{"file":"toma-de-protesta-6-3101-75x75.jpg","width":75,"height":75,"mime_type":"image\/jpeg","source_url":"https:\/\/www.diarioimagen.net\/wp-content\/uploads\/2017\/04\/toma-de-protesta-6-3101-75x75.jpg"},"blgn-secondary_right":{"file":"toma-de-protesta-6-3101-75x75.jpg","width":75,"height":75,"mime_type":"image\/jpeg","source_url":"https:\/\/www.diarioimagen.net\/wp-content\/uploads\/2017\/04\/toma-de-protesta-6-3101-75x75.jpg"},"blgn-secondary_mid_big":{"file":"toma-de-protesta-6-3101-350x196.jpg","width":350,"height":196,"mime_type":"image\/jpeg","source_url":"https:\/\/www.diarioimagen.net\/wp-content\/uploads\/2017\/04\/toma-de-protesta-6-3101-350x196.jpg"},"blgn-secondary_mid_small":{"file":"toma-de-protesta-6-3101-70x70.jpg","width":70,"height":70,"mime_type":"image\/jpeg","source_url":"https:\/\/www.diarioimagen.net\/wp-content\/uploads\/2017\/04\/toma-de-protesta-6-3101-70x70.jpg"},"blgn-subnews":{"file":"toma-de-protesta-6-3101-220x123.jpg","width":220,"height":123,"mime_type":"image\/jpeg","source_url":"https:\/\/www.diarioimagen.net\/wp-content\/uploads\/2017\/04\/toma-de-protesta-6-3101-220x123.jpg"},"blgn-excerpt_thumb":{"file":"toma-de-protesta-6-3101-90x65.jpg","width":90,"height":65,"mime_type":"image\/jpeg","source_url":"https:\/\/www.diarioimagen.net\/wp-content\/uploads\/2017\/04\/toma-de-protesta-6-3101-90x65.jpg"},"blgn-media_gallery":{"file":"toma-de-protesta-6-3101-237x132.jpg","width":237,"height":132,"mime_type":"image\/jpeg","source_url":"https:\/\/www.diarioimagen.net\/wp-content\/uploads\/2017\/04\/toma-de-protesta-6-3101-237x132.jpg"},"full":{"file":"toma-de-protesta-6-3101.jpg","width":700,"height":640,"mime_type":"image\/jpeg","source_url":"https:\/\/www.diarioimagen.net\/wp-content\/uploads\/2017\/04\/toma-de-protesta-6-3101.jpg"}},"image_meta":{"aperture":"0","credit":"","camera":"","caption":"","created_timestamp":"0","copyright":"","focal_length":"0","iso":"0","shutter_speed":"0","title":"","orientation":"0","keywords":[]}},"post":321804,"source_url":"https:\/\/www.diarioimagen.net\/wp-content\/uploads\/2017\/04\/toma-de-protesta-6-3101.jpg","_links":{"self":[{"href":"https:\/\/www.diarioimagen.net\/index.php?rest_route=\/wp\/v2\/media\/321907","targetHints":{"allow":["GET"]}}],"collection":[{"href":"https:\/\/www.diarioimagen.net\/index.php?rest_route=\/wp\/v2\/media"}],"about":[{"href":"https:\/\/www.diarioimagen.net\/index.php?rest_route=\/wp\/v2\/types\/attachment"}],"author":[{"embeddable":true,"href":"https:\/\/www.diarioimagen.net\/index.php?rest_route=\/wp\/v2\/users\/1"}],"replies":[{"embeddable":true,"href":"https:\/\/www.diarioimagen.net\/index.php?rest_route=%2Fwp%2Fv2%2Fcomments&post=321907"}]}}