{"id":433347,"date":"2019-06-28T06:36:09","date_gmt":"2019-06-28T11:36:09","guid":{"rendered":"https:\/\/www.diarioimagen.net\/wp-content\/uploads\/2019\/06\/oratoria-1.jpg"},"modified":"2019-06-28T06:36:17","modified_gmt":"2019-06-28T11:36:17","slug":"oratoria-1","status":"inherit","type":"attachment","link":"https:\/\/www.diarioimagen.net\/?attachment_id=433347","title":{"rendered":"oratoria-1"},"author":1,"featured_media":0,"comment_status":"open","ping_status":"closed","template":"","meta":{"_monsterinsights_skip_tracking":false,"_monsterinsights_sitenote_active":false,"_monsterinsights_sitenote_note":"","_monsterinsights_sitenote_category":0},"class_list":["post-433347","attachment","type-attachment","status-inherit","hentry"],"description":{"rendered":"<p class=\"attachment\"><a href='https:\/\/www.diarioimagen.net\/wp-content\/uploads\/2019\/06\/oratoria-1.jpg'><img loading=\"lazy\" decoding=\"async\" width=\"240\" height=\"90\" src=\"https:\/\/www.diarioimagen.net\/wp-content\/uploads\/2019\/06\/oratoria-1-240x90.jpg\" class=\"attachment-medium size-medium\" alt=\"\" srcset=\"https:\/\/www.diarioimagen.net\/wp-content\/uploads\/2019\/06\/oratoria-1-240x90.jpg 240w, https:\/\/www.diarioimagen.net\/wp-content\/uploads\/2019\/06\/oratoria-1-768x289.jpg 768w, https:\/\/www.diarioimagen.net\/wp-content\/uploads\/2019\/06\/oratoria-1-460x173.jpg 460w, https:\/\/www.diarioimagen.net\/wp-content\/uploads\/2019\/06\/oratoria-1.jpg 1200w\" sizes=\"auto, (max-width: 240px) 100vw, 240px\" \/><\/a><\/p>\n"},"caption":{"rendered":"<p>El jurado estuvo integrado por el consejero Miguel Arroyo Ram\u00edrez; la magistrada Sara Patricia Orea Ochoa; el magistrado Antonio Mu\u00f1ozcano Eternod; la jueza Mar\u00eda de los \u00c1ngeles Rojano Zavalza, Edgard Delgado Aguilar, Mar\u00eda Elena Ram\u00edrez S\u00e1nchez, Madel\u00edn Gabriela S\u00e1nchez Maldonado, Luis Armando Y\u00fadico Col\u00edn, Enrique Farf\u00e1n Mej\u00eda, Sergio Emilio \u00c1vila Hern\u00e1ndez, Silvia Marcela Arriaga Calder\u00f3n, Mar\u00eda del Rosario Tirado Jim\u00e9nez y Ver\u00f3nica Palacios Tirado Jim\u00e9nez.<\/p>\n"},"alt_text":"","media_type":"image","mime_type":"image\/jpeg","media_details":{"width":1200,"height":451,"file":"2019\/06\/oratoria-1.jpg","sizes":{"thumbnail":{"file":"oratoria-1-150x150.jpg","width":150,"height":150,"mime_type":"image\/jpeg","source_url":"https:\/\/www.diarioimagen.net\/wp-content\/uploads\/2019\/06\/oratoria-1-150x150.jpg"},"medium":{"file":"oratoria-1-240x90.jpg","width":240,"height":90,"mime_type":"image\/jpeg","source_url":"https:\/\/www.diarioimagen.net\/wp-content\/uploads\/2019\/06\/oratoria-1-240x90.jpg"},"medium_large":{"file":"oratoria-1-768x289.jpg","width":768,"height":289,"mime_type":"image\/jpeg","source_url":"https:\/\/www.diarioimagen.net\/wp-content\/uploads\/2019\/06\/oratoria-1-768x289.jpg"},"large":{"file":"oratoria-1-460x173.jpg","width":460,"height":173,"mime_type":"image\/jpeg","source_url":"https:\/\/www.diarioimagen.net\/wp-content\/uploads\/2019\/06\/oratoria-1-460x173.jpg"},"post-thumbnail":{"file":"oratoria-1-50x50.jpg","width":50,"height":50,"mime_type":"image\/jpeg","source_url":"https:\/\/www.diarioimagen.net\/wp-content\/uploads\/2019\/06\/oratoria-1-50x50.jpg"},"blgn-featured":{"file":"oratoria-1-480x270.jpg","width":480,"height":270,"mime_type":"image\/jpeg","source_url":"https:\/\/www.diarioimagen.net\/wp-content\/uploads\/2019\/06\/oratoria-1-480x270.jpg"},"blgn-below_featured":{"file":"oratoria-1-235x132.jpg","width":235,"height":132,"mime_type":"image\/jpeg","source_url":"https:\/\/www.diarioimagen.net\/wp-content\/uploads\/2019\/06\/oratoria-1-235x132.jpg"},"blgn-mediabar":{"file":"oratoria-1-202x114.jpg","width":202,"height":114,"mime_type":"image\/jpeg","source_url":"https:\/\/www.diarioimagen.net\/wp-content\/uploads\/2019\/06\/oratoria-1-202x114.jpg"},"blgn-secondary_left":{"file":"oratoria-1-75x75.jpg","width":75,"height":75,"mime_type":"image\/jpeg","source_url":"https:\/\/www.diarioimagen.net\/wp-content\/uploads\/2019\/06\/oratoria-1-75x75.jpg"},"blgn-secondary_right":{"file":"oratoria-1-75x75.jpg","width":75,"height":75,"mime_type":"image\/jpeg","source_url":"https:\/\/www.diarioimagen.net\/wp-content\/uploads\/2019\/06\/oratoria-1-75x75.jpg"},"blgn-secondary_mid_big":{"file":"oratoria-1-350x196.jpg","width":350,"height":196,"mime_type":"image\/jpeg","source_url":"https:\/\/www.diarioimagen.net\/wp-content\/uploads\/2019\/06\/oratoria-1-350x196.jpg"},"blgn-secondary_mid_small":{"file":"oratoria-1-70x70.jpg","width":70,"height":70,"mime_type":"image\/jpeg","source_url":"https:\/\/www.diarioimagen.net\/wp-content\/uploads\/2019\/06\/oratoria-1-70x70.jpg"},"blgn-subnews":{"file":"oratoria-1-220x123.jpg","width":220,"height":123,"mime_type":"image\/jpeg","source_url":"https:\/\/www.diarioimagen.net\/wp-content\/uploads\/2019\/06\/oratoria-1-220x123.jpg"},"blgn-excerpt_thumb":{"file":"oratoria-1-90x65.jpg","width":90,"height":65,"mime_type":"image\/jpeg","source_url":"https:\/\/www.diarioimagen.net\/wp-content\/uploads\/2019\/06\/oratoria-1-90x65.jpg"},"blgn-media_gallery":{"file":"oratoria-1-237x132.jpg","width":237,"height":132,"mime_type":"image\/jpeg","source_url":"https:\/\/www.diarioimagen.net\/wp-content\/uploads\/2019\/06\/oratoria-1-237x132.jpg"},"full":{"file":"oratoria-1.jpg","width":1200,"height":451,"mime_type":"image\/jpeg","source_url":"https:\/\/www.diarioimagen.net\/wp-content\/uploads\/2019\/06\/oratoria-1.jpg"}},"image_meta":{"aperture":"0","credit":"","camera":"","caption":"","created_timestamp":"0","copyright":"","focal_length":"0","iso":"0","shutter_speed":"0","title":"","orientation":"0","keywords":[]}},"post":433309,"source_url":"https:\/\/www.diarioimagen.net\/wp-content\/uploads\/2019\/06\/oratoria-1.jpg","_links":{"self":[{"href":"https:\/\/www.diarioimagen.net\/index.php?rest_route=\/wp\/v2\/media\/433347","targetHints":{"allow":["GET"]}}],"collection":[{"href":"https:\/\/www.diarioimagen.net\/index.php?rest_route=\/wp\/v2\/media"}],"about":[{"href":"https:\/\/www.diarioimagen.net\/index.php?rest_route=\/wp\/v2\/types\/attachment"}],"author":[{"embeddable":true,"href":"https:\/\/www.diarioimagen.net\/index.php?rest_route=\/wp\/v2\/users\/1"}],"replies":[{"embeddable":true,"href":"https:\/\/www.diarioimagen.net\/index.php?rest_route=%2Fwp%2Fv2%2Fcomments&post=433347"}]}}