{"id":433349,"date":"2019-06-28T06:39:56","date_gmt":"2019-06-28T11:39:56","guid":{"rendered":"https:\/\/www.diarioimagen.net\/wp-content\/uploads\/2019\/06\/oratoria-3.jpg"},"modified":"2019-06-28T06:42:48","modified_gmt":"2019-06-28T11:42:48","slug":"oratoria-3","status":"inherit","type":"attachment","link":"https:\/\/www.diarioimagen.net\/?attachment_id=433349","title":{"rendered":"oratoria-3"},"author":1,"featured_media":0,"comment_status":"open","ping_status":"closed","template":"","meta":{"_monsterinsights_skip_tracking":false,"_monsterinsights_sitenote_active":false,"_monsterinsights_sitenote_note":"","_monsterinsights_sitenote_category":0},"class_list":["post-433349","attachment","type-attachment","status-inherit","hentry"],"description":{"rendered":"<p class=\"attachment\"><a href='https:\/\/www.diarioimagen.net\/wp-content\/uploads\/2019\/06\/oratoria-3.jpg'><img loading=\"lazy\" decoding=\"async\" width=\"186\" height=\"240\" src=\"https:\/\/www.diarioimagen.net\/wp-content\/uploads\/2019\/06\/oratoria-3-186x240.jpg\" class=\"attachment-medium size-medium\" alt=\"\" srcset=\"https:\/\/www.diarioimagen.net\/wp-content\/uploads\/2019\/06\/oratoria-3-186x240.jpg 186w, https:\/\/www.diarioimagen.net\/wp-content\/uploads\/2019\/06\/oratoria-3-356x460.jpg 356w, https:\/\/www.diarioimagen.net\/wp-content\/uploads\/2019\/06\/oratoria-3.jpg 700w\" sizes=\"auto, (max-width: 186px) 100vw, 186px\" \/><\/a><\/p>\n"},"caption":{"rendered":"<p>El primer lugar del certamen, Luis \u00c1ngel de la Cruz, de la escuela secundaria 37 \u201cEmiliano Zapata\u201d de la alcald\u00eda Milpa Alta, quien particip\u00f3 con el tema Derecho a la Educaci\u00f3n, coment\u00f3 que se lleva un grato reconocimiento, porque al participar en este concurso, me doy cuenta que no soy cualquier joven, sino un joven que alza la voz por la educaci\u00f3n y porque se haga efectivo este derecho.<\/p>\n"},"alt_text":"","media_type":"image","mime_type":"image\/jpeg","media_details":{"width":700,"height":905,"file":"2019\/06\/oratoria-3.jpg","sizes":{"thumbnail":{"file":"oratoria-3-150x150.jpg","width":150,"height":150,"mime_type":"image\/jpeg","source_url":"https:\/\/www.diarioimagen.net\/wp-content\/uploads\/2019\/06\/oratoria-3-150x150.jpg"},"medium":{"file":"oratoria-3-186x240.jpg","width":186,"height":240,"mime_type":"image\/jpeg","source_url":"https:\/\/www.diarioimagen.net\/wp-content\/uploads\/2019\/06\/oratoria-3-186x240.jpg"},"large":{"file":"oratoria-3-356x460.jpg","width":356,"height":460,"mime_type":"image\/jpeg","source_url":"https:\/\/www.diarioimagen.net\/wp-content\/uploads\/2019\/06\/oratoria-3-356x460.jpg"},"post-thumbnail":{"file":"oratoria-3-50x50.jpg","width":50,"height":50,"mime_type":"image\/jpeg","source_url":"https:\/\/www.diarioimagen.net\/wp-content\/uploads\/2019\/06\/oratoria-3-50x50.jpg"},"blgn-featured":{"file":"oratoria-3-480x270.jpg","width":480,"height":270,"mime_type":"image\/jpeg","source_url":"https:\/\/www.diarioimagen.net\/wp-content\/uploads\/2019\/06\/oratoria-3-480x270.jpg"},"blgn-below_featured":{"file":"oratoria-3-235x132.jpg","width":235,"height":132,"mime_type":"image\/jpeg","source_url":"https:\/\/www.diarioimagen.net\/wp-content\/uploads\/2019\/06\/oratoria-3-235x132.jpg"},"blgn-mediabar":{"file":"oratoria-3-202x114.jpg","width":202,"height":114,"mime_type":"image\/jpeg","source_url":"https:\/\/www.diarioimagen.net\/wp-content\/uploads\/2019\/06\/oratoria-3-202x114.jpg"},"blgn-secondary_left":{"file":"oratoria-3-75x75.jpg","width":75,"height":75,"mime_type":"image\/jpeg","source_url":"https:\/\/www.diarioimagen.net\/wp-content\/uploads\/2019\/06\/oratoria-3-75x75.jpg"},"blgn-secondary_right":{"file":"oratoria-3-75x75.jpg","width":75,"height":75,"mime_type":"image\/jpeg","source_url":"https:\/\/www.diarioimagen.net\/wp-content\/uploads\/2019\/06\/oratoria-3-75x75.jpg"},"blgn-secondary_mid_big":{"file":"oratoria-3-350x196.jpg","width":350,"height":196,"mime_type":"image\/jpeg","source_url":"https:\/\/www.diarioimagen.net\/wp-content\/uploads\/2019\/06\/oratoria-3-350x196.jpg"},"blgn-secondary_mid_small":{"file":"oratoria-3-70x70.jpg","width":70,"height":70,"mime_type":"image\/jpeg","source_url":"https:\/\/www.diarioimagen.net\/wp-content\/uploads\/2019\/06\/oratoria-3-70x70.jpg"},"blgn-subnews":{"file":"oratoria-3-220x123.jpg","width":220,"height":123,"mime_type":"image\/jpeg","source_url":"https:\/\/www.diarioimagen.net\/wp-content\/uploads\/2019\/06\/oratoria-3-220x123.jpg"},"blgn-excerpt_thumb":{"file":"oratoria-3-90x65.jpg","width":90,"height":65,"mime_type":"image\/jpeg","source_url":"https:\/\/www.diarioimagen.net\/wp-content\/uploads\/2019\/06\/oratoria-3-90x65.jpg"},"blgn-media_gallery":{"file":"oratoria-3-237x132.jpg","width":237,"height":132,"mime_type":"image\/jpeg","source_url":"https:\/\/www.diarioimagen.net\/wp-content\/uploads\/2019\/06\/oratoria-3-237x132.jpg"},"full":{"file":"oratoria-3.jpg","width":700,"height":905,"mime_type":"image\/jpeg","source_url":"https:\/\/www.diarioimagen.net\/wp-content\/uploads\/2019\/06\/oratoria-3.jpg"}},"image_meta":{"aperture":"0","credit":"","camera":"","caption":"","created_timestamp":"0","copyright":"","focal_length":"0","iso":"0","shutter_speed":"0","title":"","orientation":"0","keywords":[]}},"post":433309,"source_url":"https:\/\/www.diarioimagen.net\/wp-content\/uploads\/2019\/06\/oratoria-3.jpg","_links":{"self":[{"href":"https:\/\/www.diarioimagen.net\/index.php?rest_route=\/wp\/v2\/media\/433349","targetHints":{"allow":["GET"]}}],"collection":[{"href":"https:\/\/www.diarioimagen.net\/index.php?rest_route=\/wp\/v2\/media"}],"about":[{"href":"https:\/\/www.diarioimagen.net\/index.php?rest_route=\/wp\/v2\/types\/attachment"}],"author":[{"embeddable":true,"href":"https:\/\/www.diarioimagen.net\/index.php?rest_route=\/wp\/v2\/users\/1"}],"replies":[{"embeddable":true,"href":"https:\/\/www.diarioimagen.net\/index.php?rest_route=%2Fwp%2Fv2%2Fcomments&post=433349"}]}}