{"id":506112,"date":"2021-05-07T04:21:32","date_gmt":"2021-05-07T09:21:32","guid":{"rendered":"https:\/\/www.diarioimagen.net\/wp-content\/uploads\/2021\/05\/tribunal-1.jpg"},"modified":"2021-05-07T04:21:42","modified_gmt":"2021-05-07T09:21:42","slug":"tribunal-115","status":"inherit","type":"attachment","link":"https:\/\/www.diarioimagen.net\/?attachment_id=506112","title":{"rendered":"tribunal"},"author":1,"featured_media":0,"comment_status":"open","ping_status":"closed","template":"","meta":{"_monsterinsights_skip_tracking":false,"_monsterinsights_sitenote_active":false,"_monsterinsights_sitenote_note":"","_monsterinsights_sitenote_category":0},"class_list":["post-506112","attachment","type-attachment","status-inherit","hentry"],"description":{"rendered":"<p class=\"attachment\"><a href='https:\/\/www.diarioimagen.net\/wp-content\/uploads\/2021\/05\/tribunal-1.jpg'><img loading=\"lazy\" decoding=\"async\" width=\"240\" height=\"141\" src=\"https:\/\/www.diarioimagen.net\/wp-content\/uploads\/2021\/05\/tribunal-1.jpg\" class=\"attachment-medium size-medium\" alt=\"\" \/><\/a><\/p>\n"},"caption":{"rendered":"<p>El presidente del Poder Judicial de la Ciudad de M\u00e9xico (PJCDMX), magistrado Rafael Guerra \u00c1lvarez, pronunci\u00f3 un discurso en el simposio El nuevo sistema de justicia laboral en la Ciudad de M\u00e9xico, que cont\u00f3 con la participaci\u00f3n de la secretaria del Trabajo y Previsi\u00f3n Social, Luisa Mar\u00eda Alcalde Luj\u00e1n, y del director de la Organizaci\u00f3n Internacional del Trabajo (OIT) para M\u00e9xico y Cuba, Pedro Furtado Oliveira.<\/p>\n"},"alt_text":"","media_type":"image","mime_type":"image\/jpeg","media_details":{"width":460,"height":270,"file":"2021\/05\/tribunal-1.jpg","sizes":{},"image_meta":{"aperture":"0","credit":"","camera":"","caption":"","created_timestamp":"0","copyright":"","focal_length":"0","iso":"0","shutter_speed":"0","title":"","orientation":"0","keywords":[]}},"post":506009,"source_url":"https:\/\/www.diarioimagen.net\/wp-content\/uploads\/2021\/05\/tribunal-1.jpg","_links":{"self":[{"href":"https:\/\/www.diarioimagen.net\/index.php?rest_route=\/wp\/v2\/media\/506112","targetHints":{"allow":["GET"]}}],"collection":[{"href":"https:\/\/www.diarioimagen.net\/index.php?rest_route=\/wp\/v2\/media"}],"about":[{"href":"https:\/\/www.diarioimagen.net\/index.php?rest_route=\/wp\/v2\/types\/attachment"}],"author":[{"embeddable":true,"href":"https:\/\/www.diarioimagen.net\/index.php?rest_route=\/wp\/v2\/users\/1"}],"replies":[{"embeddable":true,"href":"https:\/\/www.diarioimagen.net\/index.php?rest_route=%2Fwp%2Fv2%2Fcomments&post=506112"}]}}