{"id":509644,"date":"2021-06-07T04:15:54","date_gmt":"2021-06-07T09:15:54","guid":{"rendered":"https:\/\/www.diarioimagen.net\/wp-content\/uploads\/2021\/06\/tribunal-1.jpg"},"modified":"2021-06-07T04:16:02","modified_gmt":"2021-06-07T09:16:02","slug":"tribunal-120","status":"inherit","type":"attachment","link":"https:\/\/www.diarioimagen.net\/?attachment_id=509644","title":{"rendered":"tribunal"},"author":1,"featured_media":0,"comment_status":"open","ping_status":"closed","template":"","meta":{"_monsterinsights_skip_tracking":false,"_monsterinsights_sitenote_active":false,"_monsterinsights_sitenote_note":"","_monsterinsights_sitenote_category":0},"class_list":["post-509644","attachment","type-attachment","status-inherit","hentry"],"description":{"rendered":"<p class=\"attachment\"><a href='https:\/\/www.diarioimagen.net\/wp-content\/uploads\/2021\/06\/tribunal-1.jpg'><img loading=\"lazy\" decoding=\"async\" width=\"240\" height=\"141\" src=\"https:\/\/www.diarioimagen.net\/wp-content\/uploads\/2021\/06\/tribunal-1.jpg\" class=\"attachment-medium size-medium\" alt=\"\" \/><\/a><\/p>\n"},"caption":{"rendered":"<p>El presidente del Poder Judicial de la Ciudad de M\u00e9xico, magistrado Rafael Guerra \u00c1lvarez, estuvo en la casilla instalada en la explanada del inmueble de Ni\u00f1os H\u00e9roes 132, para brindar el apoyo necesario a la autoridad electoral y ciudadanos que se hicieron cargo del centro de votaci\u00f3n.<\/p>\n"},"alt_text":"","media_type":"image","mime_type":"image\/jpeg","media_details":{"width":460,"height":270,"file":"2021\/06\/tribunal-1.jpg","sizes":{},"image_meta":{"aperture":"0","credit":"","camera":"","caption":"","created_timestamp":"0","copyright":"","focal_length":"0","iso":"0","shutter_speed":"0","title":"","orientation":"0","keywords":[]}},"post":509541,"source_url":"https:\/\/www.diarioimagen.net\/wp-content\/uploads\/2021\/06\/tribunal-1.jpg","_links":{"self":[{"href":"https:\/\/www.diarioimagen.net\/index.php?rest_route=\/wp\/v2\/media\/509644","targetHints":{"allow":["GET"]}}],"collection":[{"href":"https:\/\/www.diarioimagen.net\/index.php?rest_route=\/wp\/v2\/media"}],"about":[{"href":"https:\/\/www.diarioimagen.net\/index.php?rest_route=\/wp\/v2\/types\/attachment"}],"author":[{"embeddable":true,"href":"https:\/\/www.diarioimagen.net\/index.php?rest_route=\/wp\/v2\/users\/1"}],"replies":[{"embeddable":true,"href":"https:\/\/www.diarioimagen.net\/index.php?rest_route=%2Fwp%2Fv2%2Fcomments&post=509644"}]}}