{"id":511420,"date":"2021-06-22T03:30:34","date_gmt":"2021-06-22T08:30:34","guid":{"rendered":"https:\/\/www.diarioimagen.net\/wp-content\/uploads\/2021\/06\/uaem-6.jpg"},"modified":"2021-06-22T03:30:45","modified_gmt":"2021-06-22T08:30:45","slug":"uaem-217","status":"inherit","type":"attachment","link":"https:\/\/www.diarioimagen.net\/?attachment_id=511420","title":{"rendered":"uaem"},"author":1,"featured_media":0,"comment_status":"open","ping_status":"closed","template":"","meta":{"_monsterinsights_skip_tracking":false,"_monsterinsights_sitenote_active":false,"_monsterinsights_sitenote_note":"","_monsterinsights_sitenote_category":0},"class_list":["post-511420","attachment","type-attachment","status-inherit","hentry"],"description":{"rendered":"<p class=\"attachment\"><a href='https:\/\/www.diarioimagen.net\/wp-content\/uploads\/2021\/06\/uaem-6.jpg'><img loading=\"lazy\" decoding=\"async\" width=\"240\" height=\"141\" src=\"https:\/\/www.diarioimagen.net\/wp-content\/uploads\/2021\/06\/uaem-6.jpg\" class=\"attachment-medium size-medium\" alt=\"\" \/><\/a><\/p>\n"},"caption":{"rendered":"<p>En esta actividad particip\u00f3 el rector de la UAEM, Carlos Eduardo Barrera D\u00edaz, quien en ese momento se encontraba en el Edificio Hist\u00f3rico de Rector\u00eda, en reuni\u00f3n con el alcalde de Toluca, Juan Rodolfo S\u00e1nchez G\u00f3mez, quien tambi\u00e9n se incorpor\u00f3 al simulacro universitario.<\/p>\n"},"alt_text":"","media_type":"image","mime_type":"image\/jpeg","media_details":{"width":460,"height":270,"file":"2021\/06\/uaem-6.jpg","sizes":{},"image_meta":{"aperture":"0","credit":"","camera":"","caption":"","created_timestamp":"0","copyright":"","focal_length":"0","iso":"0","shutter_speed":"0","title":"","orientation":"0","keywords":[]}},"post":511349,"source_url":"https:\/\/www.diarioimagen.net\/wp-content\/uploads\/2021\/06\/uaem-6.jpg","_links":{"self":[{"href":"https:\/\/www.diarioimagen.net\/index.php?rest_route=\/wp\/v2\/media\/511420","targetHints":{"allow":["GET"]}}],"collection":[{"href":"https:\/\/www.diarioimagen.net\/index.php?rest_route=\/wp\/v2\/media"}],"about":[{"href":"https:\/\/www.diarioimagen.net\/index.php?rest_route=\/wp\/v2\/types\/attachment"}],"author":[{"embeddable":true,"href":"https:\/\/www.diarioimagen.net\/index.php?rest_route=\/wp\/v2\/users\/1"}],"replies":[{"embeddable":true,"href":"https:\/\/www.diarioimagen.net\/index.php?rest_route=%2Fwp%2Fv2%2Fcomments&post=511420"}]}}