{"id":528941,"date":"2021-12-01T05:04:11","date_gmt":"2021-12-01T11:04:11","guid":{"rendered":"https:\/\/www.diarioimagen.net\/wp-content\/uploads\/2021\/12\/huixquilucan.jpg"},"modified":"2021-12-01T05:04:23","modified_gmt":"2021-12-01T11:04:23","slug":"huixquilucan-233","status":"inherit","type":"attachment","link":"https:\/\/www.diarioimagen.net\/?attachment_id=528941","title":{"rendered":"huixquilucan"},"author":1,"featured_media":0,"comment_status":"open","ping_status":"closed","template":"","meta":{"_monsterinsights_skip_tracking":false,"_monsterinsights_sitenote_active":false,"_monsterinsights_sitenote_note":"","_monsterinsights_sitenote_category":0},"class_list":["post-528941","attachment","type-attachment","status-inherit","hentry"],"description":{"rendered":"<p class=\"attachment\"><a href='https:\/\/www.diarioimagen.net\/wp-content\/uploads\/2021\/12\/huixquilucan.jpg'><img loading=\"lazy\" decoding=\"async\" width=\"240\" height=\"141\" src=\"https:\/\/www.diarioimagen.net\/wp-content\/uploads\/2021\/12\/huixquilucan.jpg\" class=\"attachment-medium size-medium\" alt=\"\" \/><\/a><\/p>\n"},"caption":{"rendered":"<p>El Cabildo de Huixquilucan aprob\u00f3 por mayor\u00eda de votos que la Direcci\u00f3n General de Administraci\u00f3n aplique el ciento por ciento de subsidio al ISR sobre el aguinaldo de los servidores p\u00fablicos de confianza y generales del gobierno municipal.<\/p>\n"},"alt_text":"","media_type":"image","mime_type":"image\/jpeg","media_details":{"width":460,"height":270,"file":"2021\/12\/huixquilucan.jpg","sizes":{},"image_meta":{"aperture":"0","credit":"","camera":"","caption":"","created_timestamp":"0","copyright":"","focal_length":"0","iso":"0","shutter_speed":"0","title":"","orientation":"0","keywords":[]}},"post":528842,"source_url":"https:\/\/www.diarioimagen.net\/wp-content\/uploads\/2021\/12\/huixquilucan.jpg","_links":{"self":[{"href":"https:\/\/www.diarioimagen.net\/index.php?rest_route=\/wp\/v2\/media\/528941","targetHints":{"allow":["GET"]}}],"collection":[{"href":"https:\/\/www.diarioimagen.net\/index.php?rest_route=\/wp\/v2\/media"}],"about":[{"href":"https:\/\/www.diarioimagen.net\/index.php?rest_route=\/wp\/v2\/types\/attachment"}],"author":[{"embeddable":true,"href":"https:\/\/www.diarioimagen.net\/index.php?rest_route=\/wp\/v2\/users\/1"}],"replies":[{"embeddable":true,"href":"https:\/\/www.diarioimagen.net\/index.php?rest_route=%2Fwp%2Fv2%2Fcomments&post=528941"}]}}