{"id":533722,"date":"2022-01-26T02:20:49","date_gmt":"2022-01-26T08:20:49","guid":{"rendered":"https:\/\/www.diarioimagen.net\/wp-content\/uploads\/2022\/01\/tribunal-2.jpg"},"modified":"2022-01-26T02:20:54","modified_gmt":"2022-01-26T08:20:54","slug":"tribunal-167","status":"inherit","type":"attachment","link":"https:\/\/www.diarioimagen.net\/?attachment_id=533722","title":{"rendered":"tribunal"},"author":1,"featured_media":0,"comment_status":"open","ping_status":"closed","template":"","meta":{"_monsterinsights_skip_tracking":false,"_monsterinsights_sitenote_active":false,"_monsterinsights_sitenote_note":"","_monsterinsights_sitenote_category":0},"class_list":["post-533722","attachment","type-attachment","status-inherit","hentry"],"description":{"rendered":"<p class=\"attachment\"><a href='https:\/\/www.diarioimagen.net\/wp-content\/uploads\/2022\/01\/tribunal-2.jpg'><img loading=\"lazy\" decoding=\"async\" width=\"240\" height=\"141\" src=\"https:\/\/www.diarioimagen.net\/wp-content\/uploads\/2022\/01\/tribunal-2.jpg\" class=\"attachment-medium size-medium\" alt=\"\" \/><\/a><\/p>\n"},"caption":{"rendered":"<p>En el marco de la conmemoraci\u00f3n del D\u00eda Internacional para la Protecci\u00f3n de Datos Personales, el magistrado Rafael Guerra \u00c1lvarez enfatiz\u00f3 que el gran reto es conciliar la publicaci\u00f3n de las resoluciones con el resguardo de datos personales en el entorno digital.<\/p>\n"},"alt_text":"","media_type":"image","mime_type":"image\/jpeg","media_details":{"width":460,"height":270,"file":"2022\/01\/tribunal-2.jpg","sizes":{},"image_meta":{"aperture":"0","credit":"","camera":"","caption":"","created_timestamp":"0","copyright":"","focal_length":"0","iso":"0","shutter_speed":"0","title":"","orientation":"0","keywords":[]}},"post":533637,"source_url":"https:\/\/www.diarioimagen.net\/wp-content\/uploads\/2022\/01\/tribunal-2.jpg","_links":{"self":[{"href":"https:\/\/www.diarioimagen.net\/index.php?rest_route=\/wp\/v2\/media\/533722","targetHints":{"allow":["GET"]}}],"collection":[{"href":"https:\/\/www.diarioimagen.net\/index.php?rest_route=\/wp\/v2\/media"}],"about":[{"href":"https:\/\/www.diarioimagen.net\/index.php?rest_route=\/wp\/v2\/types\/attachment"}],"author":[{"embeddable":true,"href":"https:\/\/www.diarioimagen.net\/index.php?rest_route=\/wp\/v2\/users\/1"}],"replies":[{"embeddable":true,"href":"https:\/\/www.diarioimagen.net\/index.php?rest_route=%2Fwp%2Fv2%2Fcomments&post=533722"}]}}