{"id":535212,"date":"2022-02-08T01:43:34","date_gmt":"2022-02-08T07:43:34","guid":{"rendered":"https:\/\/www.diarioimagen.net\/wp-content\/uploads\/2022\/02\/huixquilucan-5.jpg"},"modified":"2022-02-08T01:43:42","modified_gmt":"2022-02-08T07:43:42","slug":"huixquilucan-271","status":"inherit","type":"attachment","link":"https:\/\/www.diarioimagen.net\/?attachment_id=535212","title":{"rendered":"huixquilucan"},"author":1,"featured_media":0,"comment_status":"open","ping_status":"closed","template":"","meta":{"_monsterinsights_skip_tracking":false,"_monsterinsights_sitenote_active":false,"_monsterinsights_sitenote_note":"","_monsterinsights_sitenote_category":0},"class_list":["post-535212","attachment","type-attachment","status-inherit","hentry"],"description":{"rendered":"<p class=\"attachment\"><a href='https:\/\/www.diarioimagen.net\/wp-content\/uploads\/2022\/02\/huixquilucan-5.jpg'><img loading=\"lazy\" decoding=\"async\" width=\"240\" height=\"141\" src=\"https:\/\/www.diarioimagen.net\/wp-content\/uploads\/2022\/02\/huixquilucan-5.jpg\" class=\"attachment-medium size-medium\" alt=\"\" \/><\/a><\/p>\n"},"caption":{"rendered":"<p>La alcaldesa de Huixquilucan, Romina Contreras Carrasco, encabez\u00f3 la firma del convenio marco de coordinaci\u00f3n en materia de planeaci\u00f3n de 10 municipios con el Comit\u00e9 de Planeaci\u00f3n para el Desarrollo del Estado de M\u00e9xico.<\/p>\n"},"alt_text":"","media_type":"image","mime_type":"image\/jpeg","media_details":{"width":460,"height":270,"file":"2022\/02\/huixquilucan-5.jpg","sizes":{},"image_meta":{"aperture":"0","credit":"","camera":"","caption":"","created_timestamp":"0","copyright":"","focal_length":"0","iso":"0","shutter_speed":"0","title":"","orientation":"0","keywords":[]}},"post":535117,"source_url":"https:\/\/www.diarioimagen.net\/wp-content\/uploads\/2022\/02\/huixquilucan-5.jpg","_links":{"self":[{"href":"https:\/\/www.diarioimagen.net\/index.php?rest_route=\/wp\/v2\/media\/535212","targetHints":{"allow":["GET"]}}],"collection":[{"href":"https:\/\/www.diarioimagen.net\/index.php?rest_route=\/wp\/v2\/media"}],"about":[{"href":"https:\/\/www.diarioimagen.net\/index.php?rest_route=\/wp\/v2\/types\/attachment"}],"author":[{"embeddable":true,"href":"https:\/\/www.diarioimagen.net\/index.php?rest_route=\/wp\/v2\/users\/1"}],"replies":[{"embeddable":true,"href":"https:\/\/www.diarioimagen.net\/index.php?rest_route=%2Fwp%2Fv2%2Fcomments&post=535212"}]}}