{"id":538904,"date":"2022-03-10T03:50:26","date_gmt":"2022-03-10T09:50:26","guid":{"rendered":"https:\/\/www.diarioimagen.net\/wp-content\/uploads\/2022\/03\/sasha-sokol.jpg"},"modified":"2022-03-10T03:50:38","modified_gmt":"2022-03-10T09:50:38","slug":"sasha-sokol","status":"inherit","type":"attachment","link":"https:\/\/www.diarioimagen.net\/?attachment_id=538904","title":{"rendered":"sasha-sokol"},"author":1,"featured_media":0,"comment_status":"open","ping_status":"closed","template":"","meta":{"_monsterinsights_skip_tracking":false},"class_list":["post-538904","attachment","type-attachment","status-inherit","hentry"],"description":{"rendered":"<p class=\"attachment\"><a href='https:\/\/www.diarioimagen.net\/wp-content\/uploads\/2022\/03\/sasha-sokol.jpg'><img loading=\"lazy\" decoding=\"async\" width=\"161\" height=\"240\" src=\"https:\/\/www.diarioimagen.net\/wp-content\/uploads\/2022\/03\/sasha-sokol.jpg\" class=\"attachment-medium size-medium\" alt=\"\" \/><\/a><\/p>\n"},"caption":{"rendered":"<p>\u201c\u00bfC\u00f3mo habr\u00eda sido mi vida si Luis, en lugar de meterme en su cama, hubiera hecho lo que correspond\u00eda, que era cuidarme? Nunca lo sabr\u00e9. Lo que s\u00ed s\u00e9, es que las cosas que vives te marcan para siempre\u201d, declar\u00f3 la bella cantante y actriz Sasha S\u00f6kol.<\/p>\n"},"alt_text":"","media_type":"image","mime_type":"image\/jpeg","media_details":{"width":460,"height":687,"file":"2022\/03\/sasha-sokol.jpg","sizes":{},"image_meta":{"aperture":"0","credit":"","camera":"","caption":"","created_timestamp":"0","copyright":"","focal_length":"0","iso":"0","shutter_speed":"0","title":"","orientation":"0","keywords":[]}},"post":538803,"source_url":"https:\/\/www.diarioimagen.net\/wp-content\/uploads\/2022\/03\/sasha-sokol.jpg","_links":{"self":[{"href":"https:\/\/www.diarioimagen.net\/index.php?rest_route=\/wp\/v2\/media\/538904","targetHints":{"allow":["GET"]}}],"collection":[{"href":"https:\/\/www.diarioimagen.net\/index.php?rest_route=\/wp\/v2\/media"}],"about":[{"href":"https:\/\/www.diarioimagen.net\/index.php?rest_route=\/wp\/v2\/types\/attachment"}],"author":[{"embeddable":true,"href":"https:\/\/www.diarioimagen.net\/index.php?rest_route=\/wp\/v2\/users\/1"}],"replies":[{"embeddable":true,"href":"https:\/\/www.diarioimagen.net\/index.php?rest_route=%2Fwp%2Fv2%2Fcomments&post=538904"}]}}