{"id":569835,"date":"2022-12-22T02:51:19","date_gmt":"2022-12-22T08:51:19","guid":{"rendered":"https:\/\/www.diarioimagen.net\/wp-content\/uploads\/2022\/12\/amlo-11.jpg"},"modified":"2022-12-22T02:51:25","modified_gmt":"2022-12-22T08:51:25","slug":"amlo-322","status":"inherit","type":"attachment","link":"https:\/\/www.diarioimagen.net\/?attachment_id=569835","title":{"rendered":"amlo"},"author":3,"featured_media":0,"comment_status":"open","ping_status":"closed","template":"","meta":{"_monsterinsights_skip_tracking":false,"_monsterinsights_sitenote_active":false,"_monsterinsights_sitenote_note":"","_monsterinsights_sitenote_category":0},"class_list":["post-569835","attachment","type-attachment","status-inherit","hentry"],"description":{"rendered":"<p class=\"attachment\"><a href='https:\/\/www.diarioimagen.net\/wp-content\/uploads\/2022\/12\/amlo-11.jpg'><img loading=\"lazy\" decoding=\"async\" width=\"240\" height=\"141\" src=\"https:\/\/www.diarioimagen.net\/wp-content\/uploads\/2022\/12\/amlo-11.jpg\" class=\"attachment-medium size-medium\" alt=\"\" \/><\/a><\/p>\n"},"caption":{"rendered":"<p>M\u00e9xico no romper\u00e1 relaciones diplom\u00e1ticas con Per\u00fa, luego de que el gobierno del pa\u00eds sudamericano diera 72 horas al embajador Pablo Monroy Conesa para salir de ese pa\u00eds, afirm\u00f3 Andr\u00e9s Manuel L\u00f3pez Obrador.<\/p>\n"},"alt_text":"","media_type":"image","mime_type":"image\/jpeg","media_details":{"width":460,"height":270,"file":"2022\/12\/amlo-11.jpg","filesize":38946,"sizes":{},"image_meta":{"aperture":"0","credit":"","camera":"","caption":"","created_timestamp":"0","copyright":"","focal_length":"0","iso":"0","shutter_speed":"0","title":"","orientation":"0","keywords":[]}},"post":569736,"source_url":"https:\/\/www.diarioimagen.net\/wp-content\/uploads\/2022\/12\/amlo-11.jpg","_links":{"self":[{"href":"https:\/\/www.diarioimagen.net\/index.php?rest_route=\/wp\/v2\/media\/569835","targetHints":{"allow":["GET"]}}],"collection":[{"href":"https:\/\/www.diarioimagen.net\/index.php?rest_route=\/wp\/v2\/media"}],"about":[{"href":"https:\/\/www.diarioimagen.net\/index.php?rest_route=\/wp\/v2\/types\/attachment"}],"author":[{"embeddable":true,"href":"https:\/\/www.diarioimagen.net\/index.php?rest_route=\/wp\/v2\/users\/3"}],"replies":[{"embeddable":true,"href":"https:\/\/www.diarioimagen.net\/index.php?rest_route=%2Fwp%2Fv2%2Fcomments&post=569835"}]}}