{"id":571277,"date":"2023-01-13T02:23:41","date_gmt":"2023-01-13T08:23:41","guid":{"rendered":"https:\/\/www.diarioimagen.net\/wp-content\/uploads\/2023\/01\/TESIS-YASMIN-UNAM.jpg"},"modified":"2023-01-13T02:23:45","modified_gmt":"2023-01-13T08:23:45","slug":"tesis-yasmin-unam","status":"inherit","type":"attachment","link":"https:\/\/www.diarioimagen.net\/?attachment_id=571277","title":{"rendered":"TESIS-YASMIN-UNAM"},"author":3,"featured_media":0,"comment_status":"open","ping_status":"closed","template":"","meta":{"_monsterinsights_skip_tracking":false,"_monsterinsights_sitenote_active":false,"_monsterinsights_sitenote_note":"","_monsterinsights_sitenote_category":0},"class_list":["post-571277","attachment","type-attachment","status-inherit","hentry"],"description":{"rendered":"<p class=\"attachment\"><a href='https:\/\/www.diarioimagen.net\/wp-content\/uploads\/2023\/01\/TESIS-YASMIN-UNAM.jpg'><img loading=\"lazy\" decoding=\"async\" width=\"240\" height=\"141\" src=\"https:\/\/www.diarioimagen.net\/wp-content\/uploads\/2023\/01\/TESIS-YASMIN-UNAM.jpg\" class=\"attachment-medium size-medium\" alt=\"\" \/><\/a><\/p>\n"},"caption":{"rendered":"<p>La Facultad de Estudios Superiores (FES) Arag\u00f3n, de la UNAM, determin\u00f3 que la tesis de Yasm\u00edn Esquivel, presentada en 1987, es una \u201ccopia sustancial\u201d de la publicada en 1986 por \u00c9dgar Ulises B\u00e1ez.<\/p>\n"},"alt_text":"","media_type":"image","mime_type":"image\/jpeg","media_details":{"width":460,"height":270,"file":"2023\/01\/TESIS-YASMIN-UNAM.jpg","filesize":74604,"sizes":{},"image_meta":{"aperture":"0","credit":"","camera":"","caption":"","created_timestamp":"0","copyright":"","focal_length":"0","iso":"0","shutter_speed":"0","title":"","orientation":"0","keywords":[]}},"post":571227,"source_url":"https:\/\/www.diarioimagen.net\/wp-content\/uploads\/2023\/01\/TESIS-YASMIN-UNAM.jpg","_links":{"self":[{"href":"https:\/\/www.diarioimagen.net\/index.php?rest_route=\/wp\/v2\/media\/571277","targetHints":{"allow":["GET"]}}],"collection":[{"href":"https:\/\/www.diarioimagen.net\/index.php?rest_route=\/wp\/v2\/media"}],"about":[{"href":"https:\/\/www.diarioimagen.net\/index.php?rest_route=\/wp\/v2\/types\/attachment"}],"author":[{"embeddable":true,"href":"https:\/\/www.diarioimagen.net\/index.php?rest_route=\/wp\/v2\/users\/3"}],"replies":[{"embeddable":true,"href":"https:\/\/www.diarioimagen.net\/index.php?rest_route=%2Fwp%2Fv2%2Fcomments&post=571277"}]}}