{"id":572630,"date":"2023-01-27T02:46:44","date_gmt":"2023-01-27T08:46:44","guid":{"rendered":"https:\/\/www.diarioimagen.net\/wp-content\/uploads\/2023\/01\/uaem-comprometida.jpg"},"modified":"2023-01-27T02:46:50","modified_gmt":"2023-01-27T08:46:50","slug":"uaem-comprometida","status":"inherit","type":"attachment","link":"https:\/\/www.diarioimagen.net\/?attachment_id=572630","title":{"rendered":"uaem-comprometida"},"author":3,"featured_media":0,"comment_status":"open","ping_status":"closed","template":"","meta":{"_monsterinsights_skip_tracking":false,"_monsterinsights_sitenote_active":false,"_monsterinsights_sitenote_note":"","_monsterinsights_sitenote_category":0},"class_list":["post-572630","attachment","type-attachment","status-inherit","hentry"],"description":{"rendered":"<p class=\"attachment\"><a href='https:\/\/www.diarioimagen.net\/wp-content\/uploads\/2023\/01\/uaem-comprometida.jpg'><img loading=\"lazy\" decoding=\"async\" width=\"240\" height=\"141\" src=\"https:\/\/www.diarioimagen.net\/wp-content\/uploads\/2023\/01\/uaem-comprometida.jpg\" class=\"attachment-medium size-medium\" alt=\"\" \/><\/a><\/p>\n"},"caption":{"rendered":"<p>La coordinadora institucional de Equidad de G\u00e9nero, Alejandra Casta\u00f1eda Carmona, destac\u00f3 que durante este a\u00f1o se tiene como objetivo superar las m\u00e1s de 460 actividades que fueron realizadas durante 2022 para beneficiar a un mayor n\u00famero de personas universitarias, a trav\u00e9s de campa\u00f1as de difusi\u00f3n.<\/p>\n"},"alt_text":"","media_type":"image","mime_type":"image\/jpeg","media_details":{"width":460,"height":270,"file":"2023\/01\/uaem-comprometida.jpg","filesize":60323,"sizes":{},"image_meta":{"aperture":"0","credit":"","camera":"","caption":"","created_timestamp":"0","copyright":"","focal_length":"0","iso":"0","shutter_speed":"0","title":"","orientation":"0","keywords":[]}},"post":572581,"source_url":"https:\/\/www.diarioimagen.net\/wp-content\/uploads\/2023\/01\/uaem-comprometida.jpg","_links":{"self":[{"href":"https:\/\/www.diarioimagen.net\/index.php?rest_route=\/wp\/v2\/media\/572630","targetHints":{"allow":["GET"]}}],"collection":[{"href":"https:\/\/www.diarioimagen.net\/index.php?rest_route=\/wp\/v2\/media"}],"about":[{"href":"https:\/\/www.diarioimagen.net\/index.php?rest_route=\/wp\/v2\/types\/attachment"}],"author":[{"embeddable":true,"href":"https:\/\/www.diarioimagen.net\/index.php?rest_route=\/wp\/v2\/users\/3"}],"replies":[{"embeddable":true,"href":"https:\/\/www.diarioimagen.net\/index.php?rest_route=%2Fwp%2Fv2%2Fcomments&post=572630"}]}}