{"id":575201,"date":"2023-02-22T02:31:38","date_gmt":"2023-02-22T08:31:38","guid":{"rendered":"https:\/\/www.diarioimagen.net\/wp-content\/uploads\/2023\/02\/tribunal-7.jpg"},"modified":"2023-02-22T02:32:03","modified_gmt":"2023-02-22T08:32:03","slug":"tribunal-264","status":"inherit","type":"attachment","link":"https:\/\/www.diarioimagen.net\/?attachment_id=575201","title":{"rendered":"tribunal"},"author":3,"featured_media":0,"comment_status":"open","ping_status":"closed","template":"","meta":{"_monsterinsights_skip_tracking":false,"_monsterinsights_sitenote_active":false,"_monsterinsights_sitenote_note":"","_monsterinsights_sitenote_category":0},"class_list":["post-575201","attachment","type-attachment","status-inherit","hentry"],"description":{"rendered":"<p class=\"attachment\"><a href='https:\/\/www.diarioimagen.net\/wp-content\/uploads\/2023\/02\/tribunal-7.jpg'><img loading=\"lazy\" decoding=\"async\" width=\"240\" height=\"141\" src=\"https:\/\/www.diarioimagen.net\/wp-content\/uploads\/2023\/02\/tribunal-7.jpg\" class=\"attachment-medium size-medium\" alt=\"\" \/><\/a><\/p>\n"},"caption":{"rendered":"<p>Con un trabajo de digitalizaci\u00f3n que comenz\u00f3 en 2012, se plante\u00f3 la necesidad de que las partes y los abogados conf\u00eden en el trabajo que en la materia realiza en el \u00f3rgano judicial capitalino, instancia que ha hecho palpable la justicia electr\u00f3nica, la cual ya ha posibilitado que se reciban solicitudes de consulta de pa\u00edses como Estados Unidos, Espa\u00f1a, Jap\u00f3n y China, entre otros.<\/p>\n"},"alt_text":"","media_type":"image","mime_type":"image\/jpeg","media_details":{"width":460,"height":270,"file":"2023\/02\/tribunal-7.jpg","filesize":51871,"sizes":{},"image_meta":{"aperture":"0","credit":"","camera":"","caption":"","created_timestamp":"0","copyright":"","focal_length":"0","iso":"0","shutter_speed":"0","title":"","orientation":"0","keywords":[]}},"post":575153,"source_url":"https:\/\/www.diarioimagen.net\/wp-content\/uploads\/2023\/02\/tribunal-7.jpg","_links":{"self":[{"href":"https:\/\/www.diarioimagen.net\/index.php?rest_route=\/wp\/v2\/media\/575201","targetHints":{"allow":["GET"]}}],"collection":[{"href":"https:\/\/www.diarioimagen.net\/index.php?rest_route=\/wp\/v2\/media"}],"about":[{"href":"https:\/\/www.diarioimagen.net\/index.php?rest_route=\/wp\/v2\/types\/attachment"}],"author":[{"embeddable":true,"href":"https:\/\/www.diarioimagen.net\/index.php?rest_route=\/wp\/v2\/users\/3"}],"replies":[{"embeddable":true,"href":"https:\/\/www.diarioimagen.net\/index.php?rest_route=%2Fwp%2Fv2%2Fcomments&post=575201"}]}}