{"id":575495,"date":"2023-02-24T02:16:35","date_gmt":"2023-02-24T08:16:35","guid":{"rendered":"https:\/\/www.diarioimagen.net\/wp-content\/uploads\/2023\/02\/uaem-asamblea.jpg"},"modified":"2023-02-24T02:16:42","modified_gmt":"2023-02-24T08:16:42","slug":"uaem-asamblea","status":"inherit","type":"attachment","link":"https:\/\/www.diarioimagen.net\/?attachment_id=575495","title":{"rendered":"uaem-asamblea"},"author":3,"featured_media":0,"comment_status":"open","ping_status":"closed","template":"","meta":{"_monsterinsights_skip_tracking":false,"_monsterinsights_sitenote_active":false,"_monsterinsights_sitenote_note":"","_monsterinsights_sitenote_category":0},"class_list":["post-575495","attachment","type-attachment","status-inherit","hentry"],"description":{"rendered":"<p class=\"attachment\"><a href='https:\/\/www.diarioimagen.net\/wp-content\/uploads\/2023\/02\/uaem-asamblea.jpg'><img loading=\"lazy\" decoding=\"async\" width=\"240\" height=\"141\" src=\"https:\/\/www.diarioimagen.net\/wp-content\/uploads\/2023\/02\/uaem-asamblea.jpg\" class=\"attachment-medium size-medium\" alt=\"\" \/><\/a><\/p>\n"},"caption":{"rendered":"<p>Durante su participaci\u00f3n en la 12\u00aa Asamblea General Ordinaria de la Alianza para la Formaci\u00f3n e Investigaci\u00f3n en Infraestructura para el Desarrollo de M\u00e9xico, el rector de la UAEM\u00e9x, Carlos Eduardo Barrera D\u00edaz, indic\u00f3 que las universidades pueden ser ejemplo de un manejo responsable de recursos naturales como el agua.<\/p>\n"},"alt_text":"","media_type":"image","mime_type":"image\/jpeg","media_details":{"width":460,"height":270,"file":"2023\/02\/uaem-asamblea.jpg","filesize":65123,"sizes":{},"image_meta":{"aperture":"0","credit":"","camera":"","caption":"","created_timestamp":"0","copyright":"","focal_length":"0","iso":"0","shutter_speed":"0","title":"","orientation":"0","keywords":[]}},"post":575410,"source_url":"https:\/\/www.diarioimagen.net\/wp-content\/uploads\/2023\/02\/uaem-asamblea.jpg","_links":{"self":[{"href":"https:\/\/www.diarioimagen.net\/index.php?rest_route=\/wp\/v2\/media\/575495","targetHints":{"allow":["GET"]}}],"collection":[{"href":"https:\/\/www.diarioimagen.net\/index.php?rest_route=\/wp\/v2\/media"}],"about":[{"href":"https:\/\/www.diarioimagen.net\/index.php?rest_route=\/wp\/v2\/types\/attachment"}],"author":[{"embeddable":true,"href":"https:\/\/www.diarioimagen.net\/index.php?rest_route=\/wp\/v2\/users\/3"}],"replies":[{"embeddable":true,"href":"https:\/\/www.diarioimagen.net\/index.php?rest_route=%2Fwp%2Fv2%2Fcomments&post=575495"}]}}