{"id":576793,"date":"2023-03-08T02:07:40","date_gmt":"2023-03-08T08:07:40","guid":{"rendered":"https:\/\/www.diarioimagen.net\/wp-content\/uploads\/2023\/03\/jacob-forever-1.jpg"},"modified":"2023-03-08T02:07:49","modified_gmt":"2023-03-08T08:07:49","slug":"jacob-forever-1","status":"inherit","type":"attachment","link":"https:\/\/www.diarioimagen.net\/?attachment_id=576793","title":{"rendered":"jacob-forever-1"},"author":3,"featured_media":0,"comment_status":"open","ping_status":"closed","template":"","meta":{"_monsterinsights_skip_tracking":false,"_monsterinsights_sitenote_active":false,"_monsterinsights_sitenote_note":"","_monsterinsights_sitenote_category":0},"class_list":["post-576793","attachment","type-attachment","status-inherit","hentry"],"description":{"rendered":"<p class=\"attachment\"><a href='https:\/\/www.diarioimagen.net\/wp-content\/uploads\/2023\/03\/jacob-forever-1.jpg'><img loading=\"lazy\" decoding=\"async\" width=\"240\" height=\"141\" src=\"https:\/\/www.diarioimagen.net\/wp-content\/uploads\/2023\/03\/jacob-forever-1.jpg\" class=\"attachment-medium size-medium\" alt=\"\" \/><\/a><\/p>\n"},"caption":{"rendered":"<p>\u201cAmo las ra\u00edces de este pa\u00eds, su cultura, su gente. Tengo ganas de hacer featuring con artistas de este pa\u00eds, ya hice uno con Thal\u00eda, me qued\u00e9 con ganas de mucho m\u00e1s, ojal\u00e1 se pueda pronto. Me encantan Los Tigres del Norte, por ejemplo, grupo Intocable\u201d, se\u00f1ala Jacob Forever.<\/p>\n"},"alt_text":"","media_type":"image","mime_type":"image\/jpeg","media_details":{"width":460,"height":270,"file":"2023\/03\/jacob-forever-1.jpg","filesize":46151,"sizes":{},"image_meta":{"aperture":"0","credit":"","camera":"","caption":"","created_timestamp":"0","copyright":"","focal_length":"0","iso":"0","shutter_speed":"0","title":"","orientation":"0","keywords":[]}},"post":576736,"source_url":"https:\/\/www.diarioimagen.net\/wp-content\/uploads\/2023\/03\/jacob-forever-1.jpg","_links":{"self":[{"href":"https:\/\/www.diarioimagen.net\/index.php?rest_route=\/wp\/v2\/media\/576793","targetHints":{"allow":["GET"]}}],"collection":[{"href":"https:\/\/www.diarioimagen.net\/index.php?rest_route=\/wp\/v2\/media"}],"about":[{"href":"https:\/\/www.diarioimagen.net\/index.php?rest_route=\/wp\/v2\/types\/attachment"}],"author":[{"embeddable":true,"href":"https:\/\/www.diarioimagen.net\/index.php?rest_route=\/wp\/v2\/users\/3"}],"replies":[{"embeddable":true,"href":"https:\/\/www.diarioimagen.net\/index.php?rest_route=%2Fwp%2Fv2%2Fcomments&post=576793"}]}}