{"id":577481,"date":"2023-03-14T03:41:31","date_gmt":"2023-03-14T09:41:31","guid":{"rendered":"https:\/\/www.diarioimagen.net\/wp-content\/uploads\/2023\/03\/soundtrack-1.jpg"},"modified":"2023-03-14T03:41:36","modified_gmt":"2023-03-14T09:41:36","slug":"soundtrack-1","status":"inherit","type":"attachment","link":"https:\/\/www.diarioimagen.net\/?attachment_id=577481","title":{"rendered":"soundtrack-1"},"author":3,"featured_media":0,"comment_status":"open","ping_status":"closed","template":"","meta":{"_monsterinsights_skip_tracking":false,"_monsterinsights_sitenote_active":false,"_monsterinsights_sitenote_note":"","_monsterinsights_sitenote_category":0},"class_list":["post-577481","attachment","type-attachment","status-inherit","hentry"],"description":{"rendered":"<p class=\"attachment\"><a href='https:\/\/www.diarioimagen.net\/wp-content\/uploads\/2023\/03\/soundtrack-1.jpg'><img loading=\"lazy\" decoding=\"async\" width=\"240\" height=\"240\" src=\"https:\/\/www.diarioimagen.net\/wp-content\/uploads\/2023\/03\/soundtrack-1.jpg\" class=\"attachment-medium size-medium\" alt=\"\" \/><\/a><\/p>\n"},"caption":{"rendered":"<p>La noche \u00e9pica que nos ofreci\u00f3 \u201cSoundtrack, la gira\u201d no pod\u00eda haber estado completa con aquel \u00eddolo juvenil de la d\u00e9cada de los 80\u00b4s Pablito Ruiz, que nos deleit\u00f3 con sus \u00e9xitos de hace varios a\u00f1os y su firme y mel\u00f3dica voz.<\/p>\n"},"alt_text":"","media_type":"image","mime_type":"image\/jpeg","media_details":{"width":460,"height":460,"file":"2023\/03\/soundtrack-1.jpg","filesize":93587,"sizes":{},"image_meta":{"aperture":"0","credit":"","camera":"","caption":"","created_timestamp":"0","copyright":"","focal_length":"0","iso":"0","shutter_speed":"0","title":"","orientation":"0","keywords":[]}},"post":577424,"source_url":"https:\/\/www.diarioimagen.net\/wp-content\/uploads\/2023\/03\/soundtrack-1.jpg","_links":{"self":[{"href":"https:\/\/www.diarioimagen.net\/index.php?rest_route=\/wp\/v2\/media\/577481","targetHints":{"allow":["GET"]}}],"collection":[{"href":"https:\/\/www.diarioimagen.net\/index.php?rest_route=\/wp\/v2\/media"}],"about":[{"href":"https:\/\/www.diarioimagen.net\/index.php?rest_route=\/wp\/v2\/types\/attachment"}],"author":[{"embeddable":true,"href":"https:\/\/www.diarioimagen.net\/index.php?rest_route=\/wp\/v2\/users\/3"}],"replies":[{"embeddable":true,"href":"https:\/\/www.diarioimagen.net\/index.php?rest_route=%2Fwp%2Fv2%2Fcomments&post=577481"}]}}