{"id":577723,"date":"2023-03-16T01:22:19","date_gmt":"2023-03-16T07:22:19","guid":{"rendered":"https:\/\/www.diarioimagen.net\/wp-content\/uploads\/2023\/03\/Derecho1.jpg"},"modified":"2023-03-16T01:22:23","modified_gmt":"2023-03-16T07:22:23","slug":"derecho1-16","status":"inherit","type":"attachment","link":"https:\/\/www.diarioimagen.net\/?attachment_id=577723","title":{"rendered":"Derecho1"},"author":3,"featured_media":0,"comment_status":"open","ping_status":"closed","template":"","meta":{"_monsterinsights_skip_tracking":false,"_monsterinsights_sitenote_active":false,"_monsterinsights_sitenote_note":"","_monsterinsights_sitenote_category":0},"class_list":["post-577723","attachment","type-attachment","status-inherit","hentry"],"description":{"rendered":"<p class=\"attachment\"><a href='https:\/\/www.diarioimagen.net\/wp-content\/uploads\/2023\/03\/Derecho1.jpg'><img loading=\"lazy\" decoding=\"async\" width=\"240\" height=\"141\" src=\"https:\/\/www.diarioimagen.net\/wp-content\/uploads\/2023\/03\/Derecho1.jpg\" class=\"attachment-medium size-medium\" alt=\"\" \/><\/a><\/p>\n"},"caption":{"rendered":"<p>El general brigadier Luis Valent\u00edn Iglesias Sol\u00f3rzano, comandante de la Guarnici\u00f3n Militar N\u00famero 64 en Canc\u00fan, inform\u00f3 que en el plan para dar la mayor seguridad al turismo, participan elementos de Sedena, Marina, Guardia Nacional, adem\u00e1s de la polic\u00eda estatal y el C5.<\/p>\n"},"alt_text":"","media_type":"image","mime_type":"image\/jpeg","media_details":{"width":460,"height":270,"file":"2023\/03\/Derecho1.jpg","filesize":58862,"sizes":{},"image_meta":{"aperture":"0","credit":"","camera":"","caption":"","created_timestamp":"0","copyright":"","focal_length":"0","iso":"0","shutter_speed":"0","title":"","orientation":"0","keywords":[]}},"post":577678,"source_url":"https:\/\/www.diarioimagen.net\/wp-content\/uploads\/2023\/03\/Derecho1.jpg","_links":{"self":[{"href":"https:\/\/www.diarioimagen.net\/index.php?rest_route=\/wp\/v2\/media\/577723","targetHints":{"allow":["GET"]}}],"collection":[{"href":"https:\/\/www.diarioimagen.net\/index.php?rest_route=\/wp\/v2\/media"}],"about":[{"href":"https:\/\/www.diarioimagen.net\/index.php?rest_route=\/wp\/v2\/types\/attachment"}],"author":[{"embeddable":true,"href":"https:\/\/www.diarioimagen.net\/index.php?rest_route=\/wp\/v2\/users\/3"}],"replies":[{"embeddable":true,"href":"https:\/\/www.diarioimagen.net\/index.php?rest_route=%2Fwp%2Fv2%2Fcomments&post=577723"}]}}