{"id":585597,"date":"2023-05-31T01:12:12","date_gmt":"2023-05-31T07:12:12","guid":{"rendered":"https:\/\/www.diarioimagen.net\/wp-content\/uploads\/2023\/05\/uaem-daniela.jpg"},"modified":"2023-05-31T01:12:16","modified_gmt":"2023-05-31T07:12:16","slug":"uaem-daniela","status":"inherit","type":"attachment","link":"https:\/\/www.diarioimagen.net\/?attachment_id=585597","title":{"rendered":"uaem-daniela"},"author":3,"featured_media":0,"comment_status":"open","ping_status":"closed","template":"","meta":{"_monsterinsights_skip_tracking":false,"_monsterinsights_sitenote_active":false,"_monsterinsights_sitenote_note":"","_monsterinsights_sitenote_category":0},"class_list":["post-585597","attachment","type-attachment","status-inherit","hentry"],"description":{"rendered":"<p class=\"attachment\"><a href='https:\/\/www.diarioimagen.net\/wp-content\/uploads\/2023\/05\/uaem-daniela.jpg'><img loading=\"lazy\" decoding=\"async\" width=\"240\" height=\"141\" src=\"https:\/\/www.diarioimagen.net\/wp-content\/uploads\/2023\/05\/uaem-daniela.jpg\" class=\"attachment-medium size-medium\" alt=\"\" \/><\/a><\/p>\n"},"caption":{"rendered":"<p>Ante la resignificaci\u00f3n de su trabajo como artista, Daniela Moctezuma se identifica como fot\u00f3grafa feminista porque para ella es fundamental intentar dar una vuelta de 360 grados hac\u00eda las diversidades que atraviesan a las mujeres.<\/p>\n"},"alt_text":"","media_type":"image","mime_type":"image\/jpeg","media_details":{"width":460,"height":270,"file":"2023\/05\/uaem-daniela.jpg","filesize":92814,"sizes":{},"image_meta":{"aperture":"0","credit":"","camera":"","caption":"","created_timestamp":"0","copyright":"","focal_length":"0","iso":"0","shutter_speed":"0","title":"","orientation":"0","keywords":[]}},"post":585505,"source_url":"https:\/\/www.diarioimagen.net\/wp-content\/uploads\/2023\/05\/uaem-daniela.jpg","_links":{"self":[{"href":"https:\/\/www.diarioimagen.net\/index.php?rest_route=\/wp\/v2\/media\/585597","targetHints":{"allow":["GET"]}}],"collection":[{"href":"https:\/\/www.diarioimagen.net\/index.php?rest_route=\/wp\/v2\/media"}],"about":[{"href":"https:\/\/www.diarioimagen.net\/index.php?rest_route=\/wp\/v2\/types\/attachment"}],"author":[{"embeddable":true,"href":"https:\/\/www.diarioimagen.net\/index.php?rest_route=\/wp\/v2\/users\/3"}],"replies":[{"embeddable":true,"href":"https:\/\/www.diarioimagen.net\/index.php?rest_route=%2Fwp%2Fv2%2Fcomments&post=585597"}]}}