{"id":586431,"date":"2023-06-08T03:03:11","date_gmt":"2023-06-08T09:03:11","guid":{"rendered":"https:\/\/www.diarioimagen.net\/wp-content\/uploads\/2023\/06\/tribunal-3.jpg"},"modified":"2023-06-08T03:03:15","modified_gmt":"2023-06-08T09:03:15","slug":"tribunal-302","status":"inherit","type":"attachment","link":"https:\/\/www.diarioimagen.net\/?attachment_id=586431","title":{"rendered":"tribunal"},"author":3,"featured_media":0,"comment_status":"open","ping_status":"closed","template":"","meta":{"_monsterinsights_skip_tracking":false,"_monsterinsights_sitenote_active":false,"_monsterinsights_sitenote_note":"","_monsterinsights_sitenote_category":0},"class_list":["post-586431","attachment","type-attachment","status-inherit","hentry"],"description":{"rendered":"<p class=\"attachment\"><a href='https:\/\/www.diarioimagen.net\/wp-content\/uploads\/2023\/06\/tribunal-3.jpg'><img loading=\"lazy\" decoding=\"async\" width=\"240\" height=\"141\" src=\"https:\/\/www.diarioimagen.net\/wp-content\/uploads\/2023\/06\/tribunal-3.jpg\" class=\"attachment-medium size-medium\" alt=\"\" \/><\/a><\/p>\n"},"caption":{"rendered":"<p>Respaldado por los titulares de los \u00f3rganos judiciales locales (25 presentes), se estableci\u00f3 que, en comparaci\u00f3n con la implementaci\u00f3n del sistema procesal penal acusatorio, ahora tienen la mitad del tiempo para ello, pero con un requerimiento del doble o triple de recursos.<\/p>\n"},"alt_text":"","media_type":"image","mime_type":"image\/jpeg","media_details":{"width":460,"height":270,"file":"2023\/06\/tribunal-3.jpg","filesize":50174,"sizes":{},"image_meta":{"aperture":"0","credit":"","camera":"","caption":"","created_timestamp":"0","copyright":"","focal_length":"0","iso":"0","shutter_speed":"0","title":"","orientation":"0","keywords":[]}},"post":586343,"source_url":"https:\/\/www.diarioimagen.net\/wp-content\/uploads\/2023\/06\/tribunal-3.jpg","_links":{"self":[{"href":"https:\/\/www.diarioimagen.net\/index.php?rest_route=\/wp\/v2\/media\/586431","targetHints":{"allow":["GET"]}}],"collection":[{"href":"https:\/\/www.diarioimagen.net\/index.php?rest_route=\/wp\/v2\/media"}],"about":[{"href":"https:\/\/www.diarioimagen.net\/index.php?rest_route=\/wp\/v2\/types\/attachment"}],"author":[{"embeddable":true,"href":"https:\/\/www.diarioimagen.net\/index.php?rest_route=\/wp\/v2\/users\/3"}],"replies":[{"embeddable":true,"href":"https:\/\/www.diarioimagen.net\/index.php?rest_route=%2Fwp%2Fv2%2Fcomments&post=586431"}]}}