{"id":589136,"date":"2023-07-06T01:54:15","date_gmt":"2023-07-06T07:54:15","guid":{"rendered":"https:\/\/www.diarioimagen.net\/wp-content\/uploads\/2023\/07\/tribunal-1.jpg"},"modified":"2023-07-06T01:54:24","modified_gmt":"2023-07-06T07:54:24","slug":"tribunal-315","status":"inherit","type":"attachment","link":"https:\/\/www.diarioimagen.net\/?attachment_id=589136","title":{"rendered":"tribunal"},"author":3,"featured_media":0,"comment_status":"open","ping_status":"closed","template":"","meta":{"_monsterinsights_skip_tracking":false,"_monsterinsights_sitenote_active":false,"_monsterinsights_sitenote_note":"","_monsterinsights_sitenote_category":0},"class_list":["post-589136","attachment","type-attachment","status-inherit","hentry"],"description":{"rendered":"<p class=\"attachment\"><a href='https:\/\/www.diarioimagen.net\/wp-content\/uploads\/2023\/07\/tribunal-1.jpg'><img loading=\"lazy\" decoding=\"async\" width=\"240\" height=\"141\" src=\"https:\/\/www.diarioimagen.net\/wp-content\/uploads\/2023\/07\/tribunal-1.jpg\" class=\"attachment-medium size-medium\" alt=\"\" \/><\/a><\/p>\n"},"caption":{"rendered":"<p>El presidente de la Conatrib, magistrado Rafael Guerra \u00c1lvarez, se pronunci\u00f3 porque la regulaci\u00f3n en la materia que se busca aprobar en el Congreso de la Uni\u00f3n sea un ordenamiento jur\u00eddico sencillo, claro, transparente y respetuoso de los derechos humanos.<\/p>\n"},"alt_text":"","media_type":"image","mime_type":"image\/jpeg","media_details":{"width":460,"height":270,"file":"2023\/07\/tribunal-1.jpg","filesize":60822,"sizes":{},"image_meta":{"aperture":"0","credit":"","camera":"","caption":"","created_timestamp":"0","copyright":"","focal_length":"0","iso":"0","shutter_speed":"0","title":"","orientation":"0","keywords":[]}},"post":589069,"source_url":"https:\/\/www.diarioimagen.net\/wp-content\/uploads\/2023\/07\/tribunal-1.jpg","_links":{"self":[{"href":"https:\/\/www.diarioimagen.net\/index.php?rest_route=\/wp\/v2\/media\/589136","targetHints":{"allow":["GET"]}}],"collection":[{"href":"https:\/\/www.diarioimagen.net\/index.php?rest_route=\/wp\/v2\/media"}],"about":[{"href":"https:\/\/www.diarioimagen.net\/index.php?rest_route=\/wp\/v2\/types\/attachment"}],"author":[{"embeddable":true,"href":"https:\/\/www.diarioimagen.net\/index.php?rest_route=\/wp\/v2\/users\/3"}],"replies":[{"embeddable":true,"href":"https:\/\/www.diarioimagen.net\/index.php?rest_route=%2Fwp%2Fv2%2Fcomments&post=589136"}]}}