{"id":594368,"date":"2023-08-31T02:53:59","date_gmt":"2023-08-31T08:53:59","guid":{"rendered":"https:\/\/www.diarioimagen.net\/wp-content\/uploads\/2023\/08\/tribunal-sin-paz.jpg"},"modified":"2023-08-31T02:54:06","modified_gmt":"2023-08-31T08:54:06","slug":"tribunal-sin-paz","status":"inherit","type":"attachment","link":"https:\/\/www.diarioimagen.net\/?attachment_id=594368","title":{"rendered":"tribunal-sin-paz"},"author":3,"featured_media":0,"comment_status":"open","ping_status":"closed","template":"","meta":{"_monsterinsights_skip_tracking":false},"class_list":["post-594368","attachment","type-attachment","status-inherit","hentry"],"description":{"rendered":"<p class=\"attachment\"><a href='https:\/\/www.diarioimagen.net\/wp-content\/uploads\/2023\/08\/tribunal-sin-paz.jpg'><img loading=\"lazy\" decoding=\"async\" width=\"240\" height=\"141\" src=\"https:\/\/www.diarioimagen.net\/wp-content\/uploads\/2023\/08\/tribunal-sin-paz.jpg\" class=\"attachment-medium size-medium\" alt=\"\" \/><\/a><\/p>\n"},"caption":{"rendered":"<p>La obra del magistrado del \u00f3rgano judicial capitalino, Miguel \u00c1ngel Mesa Carrillo, cont\u00f3 con la participaci\u00f3n del ministro de la Suprema Corte de Justicia de la Naci\u00f3n, Juan Luis Gonz\u00e1lez Alc\u00e1ntara Carranc\u00e1.<\/p>\n"},"alt_text":"","media_type":"image","mime_type":"image\/jpeg","media_details":{"width":460,"height":270,"file":"2023\/08\/tribunal-sin-paz.jpg","filesize":90829,"sizes":{},"image_meta":{"aperture":"0","credit":"","camera":"","caption":"","created_timestamp":"0","copyright":"","focal_length":"0","iso":"0","shutter_speed":"0","title":"","orientation":"0","keywords":[]}},"post":594287,"source_url":"https:\/\/www.diarioimagen.net\/wp-content\/uploads\/2023\/08\/tribunal-sin-paz.jpg","_links":{"self":[{"href":"https:\/\/www.diarioimagen.net\/index.php?rest_route=\/wp\/v2\/media\/594368","targetHints":{"allow":["GET"]}}],"collection":[{"href":"https:\/\/www.diarioimagen.net\/index.php?rest_route=\/wp\/v2\/media"}],"about":[{"href":"https:\/\/www.diarioimagen.net\/index.php?rest_route=\/wp\/v2\/types\/attachment"}],"author":[{"embeddable":true,"href":"https:\/\/www.diarioimagen.net\/index.php?rest_route=\/wp\/v2\/users\/3"}],"replies":[{"embeddable":true,"href":"https:\/\/www.diarioimagen.net\/index.php?rest_route=%2Fwp%2Fv2%2Fcomments&post=594368"}]}}