{"id":596481,"date":"2023-09-22T02:01:17","date_gmt":"2023-09-22T08:01:17","guid":{"rendered":"https:\/\/www.diarioimagen.net\/wp-content\/uploads\/2023\/09\/uaem-tiro.jpg"},"modified":"2023-09-22T02:01:22","modified_gmt":"2023-09-22T08:01:22","slug":"uaem-tiro","status":"inherit","type":"attachment","link":"https:\/\/www.diarioimagen.net\/?attachment_id=596481","title":{"rendered":"uaem-tiro"},"author":3,"featured_media":0,"comment_status":"open","ping_status":"closed","template":"","meta":{"_monsterinsights_skip_tracking":false,"_monsterinsights_sitenote_active":false,"_monsterinsights_sitenote_note":"","_monsterinsights_sitenote_category":0},"class_list":["post-596481","attachment","type-attachment","status-inherit","hentry"],"description":{"rendered":"<p class=\"attachment\"><a href='https:\/\/www.diarioimagen.net\/wp-content\/uploads\/2023\/09\/uaem-tiro.jpg'><img loading=\"lazy\" decoding=\"async\" width=\"240\" height=\"141\" src=\"https:\/\/www.diarioimagen.net\/wp-content\/uploads\/2023\/09\/uaem-tiro.jpg\" class=\"attachment-medium size-medium\" alt=\"\" \/><\/a><\/p>\n"},"caption":{"rendered":"<p>La estudiante de la Licenciatura en Qu\u00edmica Farmac\u00e9utica Biol\u00f3gica, en la Facultad de Qu\u00edmica de la Aut\u00f3noma mexiquense, conquist\u00f3 el metal de plata dentro de la categor\u00eda individual, en arco recurvo, siendo as\u00ed el resultado del trabajo de m\u00e1s de un a\u00f1o.<\/p>\n"},"alt_text":"","media_type":"image","mime_type":"image\/jpeg","media_details":{"width":460,"height":270,"file":"2023\/09\/uaem-tiro.jpg","filesize":73203,"sizes":{},"image_meta":{"aperture":"0","credit":"","camera":"","caption":"","created_timestamp":"0","copyright":"","focal_length":"0","iso":"0","shutter_speed":"0","title":"","orientation":"0","keywords":[]}},"post":596391,"source_url":"https:\/\/www.diarioimagen.net\/wp-content\/uploads\/2023\/09\/uaem-tiro.jpg","_links":{"self":[{"href":"https:\/\/www.diarioimagen.net\/index.php?rest_route=\/wp\/v2\/media\/596481","targetHints":{"allow":["GET"]}}],"collection":[{"href":"https:\/\/www.diarioimagen.net\/index.php?rest_route=\/wp\/v2\/media"}],"about":[{"href":"https:\/\/www.diarioimagen.net\/index.php?rest_route=\/wp\/v2\/types\/attachment"}],"author":[{"embeddable":true,"href":"https:\/\/www.diarioimagen.net\/index.php?rest_route=\/wp\/v2\/users\/3"}],"replies":[{"embeddable":true,"href":"https:\/\/www.diarioimagen.net\/index.php?rest_route=%2Fwp%2Fv2%2Fcomments&post=596481"}]}}