{"id":598244,"date":"2023-10-11T00:55:31","date_gmt":"2023-10-11T06:55:31","guid":{"rendered":"https:\/\/www.diarioimagen.net\/wp-content\/uploads\/2023\/10\/uaem-facultad-de-ciencias.jpg"},"modified":"2023-10-11T00:55:37","modified_gmt":"2023-10-11T06:55:37","slug":"uaem-facultad-de-ciencias","status":"inherit","type":"attachment","link":"https:\/\/www.diarioimagen.net\/?attachment_id=598244","title":{"rendered":"uaem-facultad-de-ciencias"},"author":3,"featured_media":0,"comment_status":"open","ping_status":"closed","template":"","meta":{"_monsterinsights_skip_tracking":false,"_monsterinsights_sitenote_active":false,"_monsterinsights_sitenote_note":"","_monsterinsights_sitenote_category":0},"class_list":["post-598244","attachment","type-attachment","status-inherit","hentry"],"description":{"rendered":"<p class=\"attachment\"><a href='https:\/\/www.diarioimagen.net\/wp-content\/uploads\/2023\/10\/uaem-facultad-de-ciencias.jpg'><img loading=\"lazy\" decoding=\"async\" width=\"240\" height=\"141\" src=\"https:\/\/www.diarioimagen.net\/wp-content\/uploads\/2023\/10\/uaem-facultad-de-ciencias.jpg\" class=\"attachment-medium size-medium\" alt=\"\" \/><\/a><\/p>\n"},"caption":{"rendered":"<p>En representaci\u00f3n del rector, Carlos Eduardo Barrera D\u00edaz, la secretaria de Administraci\u00f3n, Er\u00e9ndira Fierro Moreno, destac\u00f3 que este espacio universitario cuenta con programas de estudio sustentados en una planta acad\u00e9mica de reconocido prestigio.<\/p>\n"},"alt_text":"","media_type":"image","mime_type":"image\/jpeg","media_details":{"width":460,"height":270,"file":"2023\/10\/uaem-facultad-de-ciencias.jpg","filesize":74169,"sizes":{},"image_meta":{"aperture":"0","credit":"","camera":"","caption":"","created_timestamp":"0","copyright":"","focal_length":"0","iso":"0","shutter_speed":"0","title":"","orientation":"0","keywords":[]}},"post":598180,"source_url":"https:\/\/www.diarioimagen.net\/wp-content\/uploads\/2023\/10\/uaem-facultad-de-ciencias.jpg","_links":{"self":[{"href":"https:\/\/www.diarioimagen.net\/index.php?rest_route=\/wp\/v2\/media\/598244","targetHints":{"allow":["GET"]}}],"collection":[{"href":"https:\/\/www.diarioimagen.net\/index.php?rest_route=\/wp\/v2\/media"}],"about":[{"href":"https:\/\/www.diarioimagen.net\/index.php?rest_route=\/wp\/v2\/types\/attachment"}],"author":[{"embeddable":true,"href":"https:\/\/www.diarioimagen.net\/index.php?rest_route=\/wp\/v2\/users\/3"}],"replies":[{"embeddable":true,"href":"https:\/\/www.diarioimagen.net\/index.php?rest_route=%2Fwp%2Fv2%2Fcomments&post=598244"}]}}