{"id":598383,"date":"2023-10-12T01:37:35","date_gmt":"2023-10-12T07:37:35","guid":{"rendered":"https:\/\/www.diarioimagen.net\/wp-content\/uploads\/2023\/10\/reina-de-corazones-1.jpg"},"modified":"2023-10-12T01:37:39","modified_gmt":"2023-10-12T07:37:39","slug":"reina-de-corazones-1","status":"inherit","type":"attachment","link":"https:\/\/www.diarioimagen.net\/?attachment_id=598383","title":{"rendered":"reina-de-corazones-1"},"author":3,"featured_media":0,"comment_status":"open","ping_status":"closed","template":"","meta":{"_monsterinsights_skip_tracking":false,"_monsterinsights_sitenote_active":false,"_monsterinsights_sitenote_note":"","_monsterinsights_sitenote_category":0},"class_list":["post-598383","attachment","type-attachment","status-inherit","hentry"],"description":{"rendered":"<p class=\"attachment\"><a href='https:\/\/www.diarioimagen.net\/wp-content\/uploads\/2023\/10\/reina-de-corazones-1.jpg'><img loading=\"lazy\" decoding=\"async\" width=\"240\" height=\"141\" src=\"https:\/\/www.diarioimagen.net\/wp-content\/uploads\/2023\/10\/reina-de-corazones-1.jpg\" class=\"attachment-medium size-medium\" alt=\"\" \/><\/a><\/p>\n"},"caption":{"rendered":"<p>Un viaje a la nostalgia de los \u00e9xitos musicales que marcaron toda una generaci\u00f3n, bajo una fastuosa producci\u00f3n, es lo que promete la renovada temporada de Reina de Corazones, el colectivo musical integrado por cinco talentosas y empoderadas estrellas de la escena art\u00edstica en M\u00e9xico. (Foto: Asael Grande).<\/p>\n"},"alt_text":"","media_type":"image","mime_type":"image\/jpeg","media_details":{"width":460,"height":270,"file":"2023\/10\/reina-de-corazones-1.jpg","filesize":92637,"sizes":{},"image_meta":{"aperture":"0","credit":"","camera":"","caption":"","created_timestamp":"0","copyright":"","focal_length":"0","iso":"0","shutter_speed":"0","title":"","orientation":"0","keywords":[]}},"post":598348,"source_url":"https:\/\/www.diarioimagen.net\/wp-content\/uploads\/2023\/10\/reina-de-corazones-1.jpg","_links":{"self":[{"href":"https:\/\/www.diarioimagen.net\/index.php?rest_route=\/wp\/v2\/media\/598383","targetHints":{"allow":["GET"]}}],"collection":[{"href":"https:\/\/www.diarioimagen.net\/index.php?rest_route=\/wp\/v2\/media"}],"about":[{"href":"https:\/\/www.diarioimagen.net\/index.php?rest_route=\/wp\/v2\/types\/attachment"}],"author":[{"embeddable":true,"href":"https:\/\/www.diarioimagen.net\/index.php?rest_route=\/wp\/v2\/users\/3"}],"replies":[{"embeddable":true,"href":"https:\/\/www.diarioimagen.net\/index.php?rest_route=%2Fwp%2Fv2%2Fcomments&post=598383"}]}}