{"id":602118,"date":"2023-11-21T02:26:58","date_gmt":"2023-11-21T08:26:58","guid":{"rendered":"https:\/\/www.diarioimagen.net\/wp-content\/uploads\/2023\/11\/delfina-3.jpg"},"modified":"2023-11-21T02:27:02","modified_gmt":"2023-11-21T08:27:02","slug":"delfina-12","status":"inherit","type":"attachment","link":"https:\/\/www.diarioimagen.net\/?attachment_id=602118","title":{"rendered":"delfina"},"author":3,"featured_media":0,"comment_status":"open","ping_status":"closed","template":"","meta":{"_monsterinsights_skip_tracking":false,"_monsterinsights_sitenote_active":false,"_monsterinsights_sitenote_note":"","_monsterinsights_sitenote_category":0},"class_list":["post-602118","attachment","type-attachment","status-inherit","hentry"],"description":{"rendered":"<p class=\"attachment\"><a href='https:\/\/www.diarioimagen.net\/wp-content\/uploads\/2023\/11\/delfina-3.jpg'><img loading=\"lazy\" decoding=\"async\" width=\"240\" height=\"141\" src=\"https:\/\/www.diarioimagen.net\/wp-content\/uploads\/2023\/11\/delfina-3.jpg\" class=\"attachment-medium size-medium\" alt=\"\" \/><\/a><\/p>\n"},"caption":{"rendered":"<p>Ante m\u00e1s de mil 500 mujeres que se dieron cita en Palacio de Gobierno, la gobernadora Delfina G\u00f3mez \u00c1lvarez arranc\u00f3 el programa integral \u201cMujeres con Bienestar\u201d, el cual llegar\u00e1,en una primera etapa, a m\u00e1s de 400 mil mexiquenses que viven en situaci\u00f3n de vulnerabilidad.<\/p>\n"},"alt_text":"","media_type":"image","mime_type":"image\/jpeg","media_details":{"width":460,"height":270,"file":"2023\/11\/delfina-3.jpg","filesize":114208,"sizes":{},"image_meta":{"aperture":"0","credit":"","camera":"","caption":"","created_timestamp":"0","copyright":"","focal_length":"0","iso":"0","shutter_speed":"0","title":"","orientation":"0","keywords":[]}},"post":602038,"source_url":"https:\/\/www.diarioimagen.net\/wp-content\/uploads\/2023\/11\/delfina-3.jpg","_links":{"self":[{"href":"https:\/\/www.diarioimagen.net\/index.php?rest_route=\/wp\/v2\/media\/602118","targetHints":{"allow":["GET"]}}],"collection":[{"href":"https:\/\/www.diarioimagen.net\/index.php?rest_route=\/wp\/v2\/media"}],"about":[{"href":"https:\/\/www.diarioimagen.net\/index.php?rest_route=\/wp\/v2\/types\/attachment"}],"author":[{"embeddable":true,"href":"https:\/\/www.diarioimagen.net\/index.php?rest_route=\/wp\/v2\/users\/3"}],"replies":[{"embeddable":true,"href":"https:\/\/www.diarioimagen.net\/index.php?rest_route=%2Fwp%2Fv2%2Fcomments&post=602118"}]}}