{"id":603415,"date":"2023-12-03T23:39:04","date_gmt":"2023-12-04T05:39:04","guid":{"rendered":"https:\/\/www.diarioimagen.net\/wp-content\/uploads\/2023\/12\/alcoholimetro.jpg"},"modified":"2023-12-03T23:39:09","modified_gmt":"2023-12-04T05:39:09","slug":"alcoholimetro-3","status":"inherit","type":"attachment","link":"https:\/\/www.diarioimagen.net\/?attachment_id=603415","title":{"rendered":"alcoholimetro"},"author":3,"featured_media":0,"comment_status":"open","ping_status":"closed","template":"","meta":{"_monsterinsights_skip_tracking":false,"_monsterinsights_sitenote_active":false,"_monsterinsights_sitenote_note":"","_monsterinsights_sitenote_category":0},"class_list":["post-603415","attachment","type-attachment","status-inherit","hentry"],"description":{"rendered":"<p class=\"attachment\"><a href='https:\/\/www.diarioimagen.net\/wp-content\/uploads\/2023\/12\/alcoholimetro.jpg'><img loading=\"lazy\" decoding=\"async\" width=\"240\" height=\"141\" src=\"https:\/\/www.diarioimagen.net\/wp-content\/uploads\/2023\/12\/alcoholimetro.jpg\" class=\"attachment-medium size-medium\" alt=\"\" \/><\/a><\/p>\n"},"caption":{"rendered":"<p>La Secretar\u00eda de Seguridad Ciudadana puso en marcha el operativo \u201cConduce Sin Alcohol fin de a\u00f1o\u201d, que se mantendr\u00e1 permanente los siete d\u00edas de la semana durante las 24 horas en esta \u00e9poca decembrina.<\/p>\n"},"alt_text":"","media_type":"image","mime_type":"image\/jpeg","media_details":{"width":460,"height":270,"file":"2023\/12\/alcoholimetro.jpg","filesize":149421,"sizes":{},"image_meta":{"aperture":"0","credit":"","camera":"","caption":"","created_timestamp":"0","copyright":"","focal_length":"0","iso":"0","shutter_speed":"0","title":"","orientation":"0","keywords":[]}},"post":603324,"source_url":"https:\/\/www.diarioimagen.net\/wp-content\/uploads\/2023\/12\/alcoholimetro.jpg","_links":{"self":[{"href":"https:\/\/www.diarioimagen.net\/index.php?rest_route=\/wp\/v2\/media\/603415","targetHints":{"allow":["GET"]}}],"collection":[{"href":"https:\/\/www.diarioimagen.net\/index.php?rest_route=\/wp\/v2\/media"}],"about":[{"href":"https:\/\/www.diarioimagen.net\/index.php?rest_route=\/wp\/v2\/types\/attachment"}],"author":[{"embeddable":true,"href":"https:\/\/www.diarioimagen.net\/index.php?rest_route=\/wp\/v2\/users\/3"}],"replies":[{"embeddable":true,"href":"https:\/\/www.diarioimagen.net\/index.php?rest_route=%2Fwp%2Fv2%2Fcomments&post=603415"}]}}