{"id":604106,"date":"2023-12-11T02:08:15","date_gmt":"2023-12-11T08:08:15","guid":{"rendered":"https:\/\/www.diarioimagen.net\/wp-content\/uploads\/2023\/12\/informe-1.jpg"},"modified":"2023-12-11T02:10:02","modified_gmt":"2023-12-11T08:10:02","slug":"informe-1-4","status":"inherit","type":"attachment","link":"https:\/\/www.diarioimagen.net\/?attachment_id=604106","title":{"rendered":"informe-1"},"author":3,"featured_media":0,"comment_status":"open","ping_status":"closed","template":"","meta":{"_monsterinsights_skip_tracking":false,"_monsterinsights_sitenote_active":false,"_monsterinsights_sitenote_note":"","_monsterinsights_sitenote_category":0},"class_list":["post-604106","attachment","type-attachment","status-inherit","hentry"],"description":{"rendered":"<p class=\"attachment\"><a href='https:\/\/www.diarioimagen.net\/wp-content\/uploads\/2023\/12\/informe-1.jpg'><img loading=\"lazy\" decoding=\"async\" width=\"240\" height=\"141\" src=\"https:\/\/www.diarioimagen.net\/wp-content\/uploads\/2023\/12\/informe-1.jpg\" class=\"attachment-medium size-medium\" alt=\"\" \/><\/a><\/p>\n"},"caption":{"rendered":"<p>El presidente del Poder Judicial de la Ciudad de M\u00e9xico, Rafael Guerra \u00c1lvarez, rindi\u00f3 su segundo informe de labores de su segundo periodo de gesti\u00f3n, en sesi\u00f3n p\u00fablica de los plenos de magistrados y de consejeros de la Judicatura local.<\/p>\n"},"alt_text":"","media_type":"image","mime_type":"image\/jpeg","media_details":{"width":460,"height":270,"file":"2023\/12\/informe-1.jpg","filesize":70998,"sizes":{},"image_meta":{"aperture":"0","credit":"","camera":"","caption":"","created_timestamp":"0","copyright":"","focal_length":"0","iso":"0","shutter_speed":"0","title":"","orientation":"0","keywords":[]}},"post":604012,"source_url":"https:\/\/www.diarioimagen.net\/wp-content\/uploads\/2023\/12\/informe-1.jpg","_links":{"self":[{"href":"https:\/\/www.diarioimagen.net\/index.php?rest_route=\/wp\/v2\/media\/604106","targetHints":{"allow":["GET"]}}],"collection":[{"href":"https:\/\/www.diarioimagen.net\/index.php?rest_route=\/wp\/v2\/media"}],"about":[{"href":"https:\/\/www.diarioimagen.net\/index.php?rest_route=\/wp\/v2\/types\/attachment"}],"author":[{"embeddable":true,"href":"https:\/\/www.diarioimagen.net\/index.php?rest_route=\/wp\/v2\/users\/3"}],"replies":[{"embeddable":true,"href":"https:\/\/www.diarioimagen.net\/index.php?rest_route=%2Fwp%2Fv2%2Fcomments&post=604106"}]}}