{"id":607713,"date":"2024-01-24T01:11:40","date_gmt":"2024-01-24T07:11:40","guid":{"rendered":"https:\/\/www.diarioimagen.net\/wp-content\/uploads\/2024\/01\/uaem-patricia-roman.jpg"},"modified":"2024-01-24T01:11:44","modified_gmt":"2024-01-24T07:11:44","slug":"uaem-patricia-roman","status":"inherit","type":"attachment","link":"https:\/\/www.diarioimagen.net\/?attachment_id=607713","title":{"rendered":"uaem-patricia-roman"},"author":3,"featured_media":0,"comment_status":"open","ping_status":"closed","template":"","meta":{"_monsterinsights_skip_tracking":false,"_monsterinsights_sitenote_active":false,"_monsterinsights_sitenote_note":"","_monsterinsights_sitenote_category":0},"class_list":["post-607713","attachment","type-attachment","status-inherit","hentry"],"description":{"rendered":"<p class=\"attachment\"><a href='https:\/\/www.diarioimagen.net\/wp-content\/uploads\/2024\/01\/uaem-patricia-roman.jpg'><img loading=\"lazy\" decoding=\"async\" width=\"240\" height=\"141\" src=\"https:\/\/www.diarioimagen.net\/wp-content\/uploads\/2024\/01\/uaem-patricia-roman.jpg\" class=\"attachment-medium size-medium\" alt=\"\" \/><\/a><\/p>\n"},"caption":{"rendered":"<p>La investigadora y acad\u00e9mica de la Universidad Aut\u00f3noma del Estado de M\u00e9xico (UAEM\u00e9x) Patricia Rom\u00e1n Reyes, remarc\u00f3 la importancia del extensionismo universitario en torno al trabajo agr\u00edcola impulsando as\u00ed la importancia de la producci\u00f3n y consumo local en el Estado de M\u00e9xico.<\/p>\n"},"alt_text":"","media_type":"image","mime_type":"image\/jpeg","media_details":{"width":460,"height":270,"file":"2024\/01\/uaem-patricia-roman.jpg","filesize":45006,"sizes":{},"image_meta":{"aperture":"0","credit":"","camera":"","caption":"","created_timestamp":"0","copyright":"","focal_length":"0","iso":"0","shutter_speed":"0","title":"","orientation":"0","keywords":[]}},"post":607637,"source_url":"https:\/\/www.diarioimagen.net\/wp-content\/uploads\/2024\/01\/uaem-patricia-roman.jpg","_links":{"self":[{"href":"https:\/\/www.diarioimagen.net\/index.php?rest_route=\/wp\/v2\/media\/607713","targetHints":{"allow":["GET"]}}],"collection":[{"href":"https:\/\/www.diarioimagen.net\/index.php?rest_route=\/wp\/v2\/media"}],"about":[{"href":"https:\/\/www.diarioimagen.net\/index.php?rest_route=\/wp\/v2\/types\/attachment"}],"author":[{"embeddable":true,"href":"https:\/\/www.diarioimagen.net\/index.php?rest_route=\/wp\/v2\/users\/3"}],"replies":[{"embeddable":true,"href":"https:\/\/www.diarioimagen.net\/index.php?rest_route=%2Fwp%2Fv2%2Fcomments&post=607713"}]}}