{"id":609257,"date":"2024-02-08T01:07:45","date_gmt":"2024-02-08T07:07:45","guid":{"rendered":"https:\/\/www.diarioimagen.net\/wp-content\/uploads\/2024\/02\/amlo-3.jpg"},"modified":"2024-02-08T01:07:50","modified_gmt":"2024-02-08T07:07:50","slug":"amlo-478","status":"inherit","type":"attachment","link":"https:\/\/www.diarioimagen.net\/?attachment_id=609257","title":{"rendered":"amlo"},"author":3,"featured_media":0,"comment_status":"open","ping_status":"closed","template":"","meta":{"_monsterinsights_skip_tracking":false},"class_list":["post-609257","attachment","type-attachment","status-inherit","hentry"],"description":{"rendered":"<p class=\"attachment\"><a href='https:\/\/www.diarioimagen.net\/wp-content\/uploads\/2024\/02\/amlo-3.jpg'><img loading=\"lazy\" decoding=\"async\" width=\"240\" height=\"141\" src=\"https:\/\/www.diarioimagen.net\/wp-content\/uploads\/2024\/02\/amlo-3.jpg\" class=\"attachment-medium size-medium\" alt=\"\" \/><\/a><\/p>\n"},"caption":{"rendered":"<p>A unos d\u00edas de que se lance su libro titulado \u201c\u00a1Gracias!\u201d, el presidente Andr\u00e9s Manuel L\u00f3pez Obrador ley\u00f3 en la ma\u00f1anera\u00a0 la introducci\u00f3n de su texto de m\u00e1s de 500 palabras, en el cual anuncia su retiro anticipado de la pol\u00edtica.<\/p>\n"},"alt_text":"","media_type":"image","mime_type":"image\/jpeg","media_details":{"width":460,"height":270,"file":"2024\/02\/amlo-3.jpg","filesize":50250,"sizes":{},"image_meta":{"aperture":"0","credit":"","camera":"","caption":"","created_timestamp":"0","copyright":"","focal_length":"0","iso":"0","shutter_speed":"0","title":"","orientation":"0","keywords":[]}},"post":609209,"source_url":"https:\/\/www.diarioimagen.net\/wp-content\/uploads\/2024\/02\/amlo-3.jpg","_links":{"self":[{"href":"https:\/\/www.diarioimagen.net\/index.php?rest_route=\/wp\/v2\/media\/609257","targetHints":{"allow":["GET"]}}],"collection":[{"href":"https:\/\/www.diarioimagen.net\/index.php?rest_route=\/wp\/v2\/media"}],"about":[{"href":"https:\/\/www.diarioimagen.net\/index.php?rest_route=\/wp\/v2\/types\/attachment"}],"author":[{"embeddable":true,"href":"https:\/\/www.diarioimagen.net\/index.php?rest_route=\/wp\/v2\/users\/3"}],"replies":[{"embeddable":true,"href":"https:\/\/www.diarioimagen.net\/index.php?rest_route=%2Fwp%2Fv2%2Fcomments&post=609257"}]}}