{"id":613476,"date":"2024-03-19T00:12:41","date_gmt":"2024-03-19T06:12:41","guid":{"rendered":"https:\/\/www.diarioimagen.net\/wp-content\/uploads\/2024\/03\/aumento-dependencia-gasolina.jpg"},"modified":"2024-03-19T00:12:47","modified_gmt":"2024-03-19T06:12:47","slug":"aumento-dependencia-gasolina","status":"inherit","type":"attachment","link":"https:\/\/www.diarioimagen.net\/?attachment_id=613476","title":{"rendered":"aumento-dependencia-gasolina"},"author":3,"featured_media":0,"comment_status":"open","ping_status":"closed","template":"","meta":{"_monsterinsights_skip_tracking":false,"_monsterinsights_sitenote_active":false,"_monsterinsights_sitenote_note":"","_monsterinsights_sitenote_category":0},"class_list":["post-613476","attachment","type-attachment","status-inherit","hentry"],"description":{"rendered":"<p class=\"attachment\"><a href='https:\/\/www.diarioimagen.net\/wp-content\/uploads\/2024\/03\/aumento-dependencia-gasolina.jpg'><img loading=\"lazy\" decoding=\"async\" width=\"240\" height=\"141\" src=\"https:\/\/www.diarioimagen.net\/wp-content\/uploads\/2024\/03\/aumento-dependencia-gasolina.jpg\" class=\"attachment-medium size-medium\" alt=\"\" \/><\/a><\/p>\n"},"caption":{"rendered":"<p>Las seis refiner\u00edas que conforman el Sistema Nacional de Refinaci\u00f3n de Pemex, en 2023, procesaron en n\u00fameros redondos 792,303 barriles diarios, lo que signific\u00f3 un uso de capacidad de 48.3 por ciento.<\/p>\n"},"alt_text":"","media_type":"image","mime_type":"image\/jpeg","media_details":{"width":460,"height":270,"file":"2024\/03\/aumento-dependencia-gasolina.jpg","filesize":55245,"sizes":{},"image_meta":{"aperture":"0","credit":"","camera":"","caption":"","created_timestamp":"0","copyright":"","focal_length":"0","iso":"0","shutter_speed":"0","title":"","orientation":"0","keywords":[]}},"post":613394,"source_url":"https:\/\/www.diarioimagen.net\/wp-content\/uploads\/2024\/03\/aumento-dependencia-gasolina.jpg","_links":{"self":[{"href":"https:\/\/www.diarioimagen.net\/index.php?rest_route=\/wp\/v2\/media\/613476","targetHints":{"allow":["GET"]}}],"collection":[{"href":"https:\/\/www.diarioimagen.net\/index.php?rest_route=\/wp\/v2\/media"}],"about":[{"href":"https:\/\/www.diarioimagen.net\/index.php?rest_route=\/wp\/v2\/types\/attachment"}],"author":[{"embeddable":true,"href":"https:\/\/www.diarioimagen.net\/index.php?rest_route=\/wp\/v2\/users\/3"}],"replies":[{"embeddable":true,"href":"https:\/\/www.diarioimagen.net\/index.php?rest_route=%2Fwp%2Fv2%2Fcomments&post=613476"}]}}