{"id":617236,"date":"2024-04-23T00:57:13","date_gmt":"2024-04-23T06:57:13","guid":{"rendered":"https:\/\/www.diarioimagen.net\/wp-content\/uploads\/2024\/04\/uaem-arranca-quinta.jpg"},"modified":"2024-04-23T00:57:18","modified_gmt":"2024-04-23T06:57:18","slug":"uaem-arranca-quinta","status":"inherit","type":"attachment","link":"https:\/\/www.diarioimagen.net\/?attachment_id=617236","title":{"rendered":"uaem-arranca-quinta"},"author":3,"featured_media":0,"comment_status":"open","ping_status":"closed","template":"","meta":{"_monsterinsights_skip_tracking":false,"_monsterinsights_sitenote_active":false,"_monsterinsights_sitenote_note":"","_monsterinsights_sitenote_category":0},"class_list":["post-617236","attachment","type-attachment","status-inherit","hentry"],"description":{"rendered":"<p class=\"attachment\"><a href='https:\/\/www.diarioimagen.net\/wp-content\/uploads\/2024\/04\/uaem-arranca-quinta.jpg'><img loading=\"lazy\" decoding=\"async\" width=\"240\" height=\"141\" src=\"https:\/\/www.diarioimagen.net\/wp-content\/uploads\/2024\/04\/uaem-arranca-quinta.jpg\" class=\"attachment-medium size-medium\" alt=\"\" \/><\/a><\/p>\n"},"caption":{"rendered":"<p>A partir de esta iniciativa, la UAEM\u00e9x cuenta con m\u00e1s de 500 paneles solares, generando m\u00e1s de medio mill\u00f3n de kilowatts al a\u00f1o, lo que representa una reducci\u00f3n significativa de la emisi\u00f3n de di\u00f3xido de carbono (CO2).<\/p>\n"},"alt_text":"","media_type":"image","mime_type":"image\/jpeg","media_details":{"width":460,"height":270,"file":"2024\/04\/uaem-arranca-quinta.jpg","filesize":79098,"sizes":{},"image_meta":{"aperture":"0","credit":"","camera":"","caption":"","created_timestamp":"0","copyright":"","focal_length":"0","iso":"0","shutter_speed":"0","title":"","orientation":"0","keywords":[]}},"post":617156,"source_url":"https:\/\/www.diarioimagen.net\/wp-content\/uploads\/2024\/04\/uaem-arranca-quinta.jpg","_links":{"self":[{"href":"https:\/\/www.diarioimagen.net\/index.php?rest_route=\/wp\/v2\/media\/617236","targetHints":{"allow":["GET"]}}],"collection":[{"href":"https:\/\/www.diarioimagen.net\/index.php?rest_route=\/wp\/v2\/media"}],"about":[{"href":"https:\/\/www.diarioimagen.net\/index.php?rest_route=\/wp\/v2\/types\/attachment"}],"author":[{"embeddable":true,"href":"https:\/\/www.diarioimagen.net\/index.php?rest_route=\/wp\/v2\/users\/3"}],"replies":[{"embeddable":true,"href":"https:\/\/www.diarioimagen.net\/index.php?rest_route=%2Fwp%2Fv2%2Fcomments&post=617236"}]}}