{"id":619509,"date":"2024-05-14T00:39:43","date_gmt":"2024-05-14T06:39:43","guid":{"rendered":"https:\/\/www.diarioimagen.net\/wp-content\/uploads\/2024\/05\/uaem-facultad-medicina.jpg"},"modified":"2024-05-14T00:39:48","modified_gmt":"2024-05-14T06:39:48","slug":"uaem-facultad-medicina-3","status":"inherit","type":"attachment","link":"https:\/\/www.diarioimagen.net\/?attachment_id=619509","title":{"rendered":"uaem-facultad-medicina"},"author":3,"featured_media":0,"comment_status":"open","ping_status":"closed","template":"","meta":{"_monsterinsights_skip_tracking":false},"class_list":["post-619509","attachment","type-attachment","status-inherit","hentry"],"description":{"rendered":"<p class=\"attachment\"><a href='https:\/\/www.diarioimagen.net\/wp-content\/uploads\/2024\/05\/uaem-facultad-medicina.jpg'><img loading=\"lazy\" decoding=\"async\" width=\"240\" height=\"141\" src=\"https:\/\/www.diarioimagen.net\/wp-content\/uploads\/2024\/05\/uaem-facultad-medicina.jpg\" class=\"attachment-medium size-medium\" alt=\"\" \/><\/a><\/p>\n"},"caption":{"rendered":"<p>En el 69 aniversario de la Facultad de Medicina de la UAEM\u00e9x, la secretaria de Planeaci\u00f3n Institucional, Mar\u00eda Esther Aurora Contreras Lara Vega resalt\u00f3 que este espacio acad\u00e9mico est\u00e1 comprometido con la formaci\u00f3n de profesionistas competentes, la generaci\u00f3n de nuevos conocimientos, as\u00ed como de la promoci\u00f3n y difusi\u00f3n de la cultura universal.<\/p>\n"},"alt_text":"","media_type":"image","mime_type":"image\/jpeg","media_details":{"width":460,"height":270,"file":"2024\/05\/uaem-facultad-medicina.jpg","filesize":60659,"sizes":{},"image_meta":{"aperture":"0","credit":"","camera":"","caption":"","created_timestamp":"0","copyright":"","focal_length":"0","iso":"0","shutter_speed":"0","title":"","orientation":"0","keywords":[]}},"post":619428,"source_url":"https:\/\/www.diarioimagen.net\/wp-content\/uploads\/2024\/05\/uaem-facultad-medicina.jpg","_links":{"self":[{"href":"https:\/\/www.diarioimagen.net\/index.php?rest_route=\/wp\/v2\/media\/619509","targetHints":{"allow":["GET"]}}],"collection":[{"href":"https:\/\/www.diarioimagen.net\/index.php?rest_route=\/wp\/v2\/media"}],"about":[{"href":"https:\/\/www.diarioimagen.net\/index.php?rest_route=\/wp\/v2\/types\/attachment"}],"author":[{"embeddable":true,"href":"https:\/\/www.diarioimagen.net\/index.php?rest_route=\/wp\/v2\/users\/3"}],"replies":[{"embeddable":true,"href":"https:\/\/www.diarioimagen.net\/index.php?rest_route=%2Fwp%2Fv2%2Fcomments&post=619509"}]}}