{"id":621188,"date":"2024-05-30T00:36:23","date_gmt":"2024-05-30T06:36:23","guid":{"rendered":"https:\/\/www.diarioimagen.net\/wp-content\/uploads\/2024\/05\/amlo-8.jpg"},"modified":"2024-05-30T00:36:28","modified_gmt":"2024-05-30T06:36:28","slug":"amlo-508","status":"inherit","type":"attachment","link":"https:\/\/www.diarioimagen.net\/?attachment_id=621188","title":{"rendered":"amlo"},"author":3,"featured_media":0,"comment_status":"open","ping_status":"closed","template":"","meta":{"_monsterinsights_skip_tracking":false},"class_list":["post-621188","attachment","type-attachment","status-inherit","hentry"],"description":{"rendered":"<p class=\"attachment\"><a href='https:\/\/www.diarioimagen.net\/wp-content\/uploads\/2024\/05\/amlo-8.jpg'><img loading=\"lazy\" decoding=\"async\" width=\"240\" height=\"141\" src=\"https:\/\/www.diarioimagen.net\/wp-content\/uploads\/2024\/05\/amlo-8.jpg\" class=\"attachment-medium size-medium\" alt=\"\" \/><\/a><\/p>\n"},"caption":{"rendered":"<p>El presidente Andr\u00e9s Manuel L\u00f3pez Obrador celebr\u00f3 que el \u00edndice de pobreza laboral en M\u00e9xico se ubica en 35.8 por ciento, el nivel m\u00e1s bajo desde que en 2009 comenz\u00f3 el registro de este indicador.<\/p>\n"},"alt_text":"","media_type":"image","mime_type":"image\/jpeg","media_details":{"width":460,"height":270,"file":"2024\/05\/amlo-8.jpg","filesize":50090,"sizes":{},"image_meta":{"aperture":"0","credit":"","camera":"","caption":"","created_timestamp":"0","copyright":"","focal_length":"0","iso":"0","shutter_speed":"0","title":"","orientation":"0","keywords":[]}},"post":621103,"source_url":"https:\/\/www.diarioimagen.net\/wp-content\/uploads\/2024\/05\/amlo-8.jpg","_links":{"self":[{"href":"https:\/\/www.diarioimagen.net\/index.php?rest_route=\/wp\/v2\/media\/621188","targetHints":{"allow":["GET"]}}],"collection":[{"href":"https:\/\/www.diarioimagen.net\/index.php?rest_route=\/wp\/v2\/media"}],"about":[{"href":"https:\/\/www.diarioimagen.net\/index.php?rest_route=\/wp\/v2\/types\/attachment"}],"author":[{"embeddable":true,"href":"https:\/\/www.diarioimagen.net\/index.php?rest_route=\/wp\/v2\/users\/3"}],"replies":[{"embeddable":true,"href":"https:\/\/www.diarioimagen.net\/index.php?rest_route=%2Fwp%2Fv2%2Fcomments&post=621188"}]}}