{"id":623733,"date":"2024-06-23T23:59:15","date_gmt":"2024-06-24T05:59:15","guid":{"rendered":"https:\/\/www.diarioimagen.net\/wp-content\/uploads\/2024\/06\/otorgan-empleo.jpg"},"modified":"2024-06-23T23:59:19","modified_gmt":"2024-06-24T05:59:19","slug":"otorgan-empleo","status":"inherit","type":"attachment","link":"https:\/\/www.diarioimagen.net\/?attachment_id=623733","title":{"rendered":"otorgan-empleo"},"author":3,"featured_media":0,"comment_status":"open","ping_status":"closed","template":"","meta":{"_monsterinsights_skip_tracking":false,"_monsterinsights_sitenote_active":false,"_monsterinsights_sitenote_note":"","_monsterinsights_sitenote_category":0},"class_list":["post-623733","attachment","type-attachment","status-inherit","hentry"],"description":{"rendered":"<p class=\"attachment\"><a href='https:\/\/www.diarioimagen.net\/wp-content\/uploads\/2024\/06\/otorgan-empleo.jpg'><img loading=\"lazy\" decoding=\"async\" width=\"240\" height=\"141\" src=\"https:\/\/www.diarioimagen.net\/wp-content\/uploads\/2024\/06\/otorgan-empleo.jpg\" class=\"attachment-medium size-medium\" alt=\"\" \/><\/a><\/p>\n"},"caption":{"rendered":"<p>Marycarmen Reyes Orozco, Presidenta Municipal por ministerio de Ley de Atizap\u00e1n, se\u00f1al\u00f3 que la Quinta Feria del Empleo Presencial\u00a0 es un s\u00edmbolo de la uni\u00f3n entre el sector p\u00fablico, sector privado y la sociedad civil.<\/p>\n"},"alt_text":"","media_type":"image","mime_type":"image\/jpeg","media_details":{"width":460,"height":270,"file":"2024\/06\/otorgan-empleo.jpg","filesize":50684,"sizes":{},"image_meta":{"aperture":"0","credit":"","camera":"","caption":"","created_timestamp":"0","copyright":"","focal_length":"0","iso":"0","shutter_speed":"0","title":"","orientation":"0","keywords":[]}},"post":623620,"source_url":"https:\/\/www.diarioimagen.net\/wp-content\/uploads\/2024\/06\/otorgan-empleo.jpg","_links":{"self":[{"href":"https:\/\/www.diarioimagen.net\/index.php?rest_route=\/wp\/v2\/media\/623733","targetHints":{"allow":["GET"]}}],"collection":[{"href":"https:\/\/www.diarioimagen.net\/index.php?rest_route=\/wp\/v2\/media"}],"about":[{"href":"https:\/\/www.diarioimagen.net\/index.php?rest_route=\/wp\/v2\/types\/attachment"}],"author":[{"embeddable":true,"href":"https:\/\/www.diarioimagen.net\/index.php?rest_route=\/wp\/v2\/users\/3"}],"replies":[{"embeddable":true,"href":"https:\/\/www.diarioimagen.net\/index.php?rest_route=%2Fwp%2Fv2%2Fcomments&post=623733"}]}}