{"id":624029,"date":"2024-06-26T00:33:09","date_gmt":"2024-06-26T06:33:09","guid":{"rendered":"https:\/\/www.diarioimagen.net\/wp-content\/uploads\/2024\/06\/uaem-fortalece-alianza.jpg"},"modified":"2024-06-26T00:33:15","modified_gmt":"2024-06-26T06:33:15","slug":"uaem-fortalece-alianza","status":"inherit","type":"attachment","link":"https:\/\/www.diarioimagen.net\/?attachment_id=624029","title":{"rendered":"uaem-fortalece-alianza"},"author":3,"featured_media":0,"comment_status":"open","ping_status":"closed","template":"","meta":{"_monsterinsights_skip_tracking":false,"_monsterinsights_sitenote_active":false,"_monsterinsights_sitenote_note":"","_monsterinsights_sitenote_category":0},"class_list":["post-624029","attachment","type-attachment","status-inherit","hentry"],"description":{"rendered":"<p class=\"attachment\"><a href='https:\/\/www.diarioimagen.net\/wp-content\/uploads\/2024\/06\/uaem-fortalece-alianza.jpg'><img loading=\"lazy\" decoding=\"async\" width=\"240\" height=\"107\" src=\"https:\/\/www.diarioimagen.net\/wp-content\/uploads\/2024\/06\/uaem-fortalece-alianza.jpg\" class=\"attachment-medium size-medium\" alt=\"\" \/><\/a><\/p>\n"},"caption":{"rendered":"<p>El rector de la UAEM\u00e9x, Carlos Eduardo Barrera D\u00edaz; el presidente del CCE, Francisco Cervantes D\u00edaz y\u00a0 el presidente del Consejo Coordinador Empresarial del Estado de M\u00e9xico, Germ\u00e1n Miguel Jalil Hern\u00e1ndez, firmaron Convenios Generales de Colaboraci\u00f3n en beneficio del desarrollo de actividades conjuntas a favor de la ciencia y la tecnolog\u00eda entre la comunidad universitaria.<\/p>\n"},"alt_text":"","media_type":"image","mime_type":"image\/jpeg","media_details":{"width":460,"height":205,"file":"2024\/06\/uaem-fortalece-alianza.jpg","filesize":70928,"sizes":{},"image_meta":{"aperture":"0","credit":"","camera":"","caption":"","created_timestamp":"0","copyright":"","focal_length":"0","iso":"0","shutter_speed":"0","title":"","orientation":"0","keywords":[]}},"post":623949,"source_url":"https:\/\/www.diarioimagen.net\/wp-content\/uploads\/2024\/06\/uaem-fortalece-alianza.jpg","_links":{"self":[{"href":"https:\/\/www.diarioimagen.net\/index.php?rest_route=\/wp\/v2\/media\/624029","targetHints":{"allow":["GET"]}}],"collection":[{"href":"https:\/\/www.diarioimagen.net\/index.php?rest_route=\/wp\/v2\/media"}],"about":[{"href":"https:\/\/www.diarioimagen.net\/index.php?rest_route=\/wp\/v2\/types\/attachment"}],"author":[{"embeddable":true,"href":"https:\/\/www.diarioimagen.net\/index.php?rest_route=\/wp\/v2\/users\/3"}],"replies":[{"embeddable":true,"href":"https:\/\/www.diarioimagen.net\/index.php?rest_route=%2Fwp%2Fv2%2Fcomments&post=624029"}]}}