{"id":624181,"date":"2024-06-27T00:43:29","date_gmt":"2024-06-27T06:43:29","guid":{"rendered":"https:\/\/www.diarioimagen.net\/wp-content\/uploads\/2024\/06\/uaem-fomenta-cultura.jpg"},"modified":"2024-06-27T00:43:33","modified_gmt":"2024-06-27T06:43:33","slug":"uaem-fomenta-cultura","status":"inherit","type":"attachment","link":"https:\/\/www.diarioimagen.net\/?attachment_id=624181","title":{"rendered":"uaem-fomenta-cultura"},"author":3,"featured_media":0,"comment_status":"open","ping_status":"closed","template":"","meta":{"_monsterinsights_skip_tracking":false,"_monsterinsights_sitenote_active":false,"_monsterinsights_sitenote_note":"","_monsterinsights_sitenote_category":0},"class_list":["post-624181","attachment","type-attachment","status-inherit","hentry"],"description":{"rendered":"<p class=\"attachment\"><a href='https:\/\/www.diarioimagen.net\/wp-content\/uploads\/2024\/06\/uaem-fomenta-cultura.jpg'><img loading=\"lazy\" decoding=\"async\" width=\"240\" height=\"141\" src=\"https:\/\/www.diarioimagen.net\/wp-content\/uploads\/2024\/06\/uaem-fomenta-cultura.jpg\" class=\"attachment-medium size-medium\" alt=\"\" \/><\/a><\/p>\n"},"caption":{"rendered":"<p>El secretario de Rector\u00eda, Marco Aurelio Cienfuegos Terr\u00f3n, explic\u00f3 que la Campa\u00f1a Universitaria de Reforestaci\u00f3n 2024 tiene como objetivo plantar alrededor de 50 mil \u00e1rboles en \u00e1reas estrat\u00e9gicas de los espacios universitarios, los cuales contar\u00e1n con especies nativas que aseguren la sostenibilidad y su adaptaci\u00f3n al medio ambiente local.<\/p>\n"},"alt_text":"","media_type":"image","mime_type":"image\/jpeg","media_details":{"width":460,"height":270,"file":"2024\/06\/uaem-fomenta-cultura.jpg","filesize":102226,"sizes":{},"image_meta":{"aperture":"0","credit":"","camera":"","caption":"","created_timestamp":"0","copyright":"","focal_length":"0","iso":"0","shutter_speed":"0","title":"","orientation":"0","keywords":[]}},"post":624093,"source_url":"https:\/\/www.diarioimagen.net\/wp-content\/uploads\/2024\/06\/uaem-fomenta-cultura.jpg","_links":{"self":[{"href":"https:\/\/www.diarioimagen.net\/index.php?rest_route=\/wp\/v2\/media\/624181","targetHints":{"allow":["GET"]}}],"collection":[{"href":"https:\/\/www.diarioimagen.net\/index.php?rest_route=\/wp\/v2\/media"}],"about":[{"href":"https:\/\/www.diarioimagen.net\/index.php?rest_route=\/wp\/v2\/types\/attachment"}],"author":[{"embeddable":true,"href":"https:\/\/www.diarioimagen.net\/index.php?rest_route=\/wp\/v2\/users\/3"}],"replies":[{"embeddable":true,"href":"https:\/\/www.diarioimagen.net\/index.php?rest_route=%2Fwp%2Fv2%2Fcomments&post=624181"}]}}